{"id":121440,"date":"2022-10-04T08:03:02","date_gmt":"2022-10-04T06:03:02","guid":{"rendered":"https:\/\/bcu.cat\/living\/"},"modified":"2026-02-02T23:24:37","modified_gmt":"2026-02-02T21:24:37","slug":"living","status":"publish","type":"page","link":"https:\/\/bcu.cat\/en\/living\/","title":{"rendered":"LIVING"},"content":{"rendered":"<p>[et_pb_section fb_built=&#8221;1&#8243; _builder_version=&#8221;4.19.5&#8243; _module_preset=&#8221;default&#8221; background_enable_color=&#8221;off&#8221; use_background_color_gradient=&#8221;on&#8221; background_color_gradient_stops=&#8221;#090060 16%|#009ee0 100%&#8221; background_image=&#8221;https:\/\/bcu.cat\/wp-content\/uploads\/2023\/02\/2018-08-29-reflexes-platja-04-web.jpg&#8221; background_blend=&#8221;multiply&#8221; min_height=&#8221;451px&#8221; custom_margin=&#8221;-87px||||false|false&#8221; custom_padding=&#8221;||0px|||&#8221; global_colors_info=&#8221;{}&#8221;][et_pb_row _builder_version=&#8221;4.19.5&#8243; _module_preset=&#8221;default&#8221; custom_padding=&#8221;127px||127px||true|&#8221; global_colors_info=&#8221;{}&#8221;][et_pb_column type=&#8221;4_4&#8243; _builder_version=&#8221;4.19.5&#8243; _module_preset=&#8221;default&#8221; global_colors_info=&#8221;{}&#8221;][et_pb_text _builder_version=&#8221;4.19.5&#8243; _module_preset=&#8221;default&#8221; header_text_color=&#8221;#FFFFFF&#8221; header_font_size=&#8221;63px&#8221; header_font_size_tablet=&#8221;63px&#8221; header_font_size_phone=&#8221;54px&#8221; header_font_size_last_edited=&#8221;on|desktop&#8221; global_colors_info=&#8221;{}&#8221;]<\/p>\n<h1 id=\"cb-cat-title\">LIVING IN BARCELONA<\/h1>\n<p>[\/et_pb_text][\/et_pb_column][\/et_pb_row][\/et_pb_section][et_pb_section fb_built=&#8221;1&#8243; module_id=&#8221;carousel-fotos-item&#8221; _builder_version=&#8221;4.19.5&#8243; background_color=&#8221;rgba(98,172,172,0.54)&#8221; background_image=&#8221;https:\/\/bcu.cat\/wp-content\/uploads\/2022\/10\/high-school_17.png&#8221; background_size=&#8221;initial&#8221; background_position=&#8221;top_left&#8221; background_repeat=&#8221;repeat-x&#8221; custom_padding=&#8221;26px||26px||true|false&#8221; locked=&#8221;off&#8221; global_colors_info=&#8221;{}&#8221;][et_pb_row use_custom_gutter=&#8221;on&#8221; gutter_width=&#8221;2&#8243; _builder_version=&#8221;4.18.0&#8243; custom_padding=&#8221;22px||2px|||&#8221; global_colors_info=&#8221;{}&#8221;][et_pb_column type=&#8221;4_4&#8243; _builder_version=&#8221;4.18.0&#8243; background_color=&#8221;RGBA(255,255,255,0)&#8221; global_colors_info=&#8221;{}&#8221; custom_padding__hover=&#8221;|||&#8221;][dica_divi_carousel transition_duration=&#8221;8000&#8243; loop=&#8221;on&#8221; autoplay=&#8221;on&#8221; hoverpause=&#8221;on&#8221; autoplay_speed=&#8221;6000&#8243; item_spacing=&#8221;0&#8243; item_spacing_tablet=&#8221;15&#8243; item_spacing_phone=&#8221;15&#8243; item_spacing_last_edited=&#8221;on|desktop&#8221; item_vertical_align=&#8221;center&#8221; lazy_loading=&#8221;on&#8221; load_before_transition=&#8221;on&#8221; dg_hash_nav=&#8221;on&#8221; advanced_effect=&#8221;1&#8243; arrow_nav_color=&#8221;#ffffff&#8221; arrow_bg_color=&#8221;rgba(0,0,0,0.86)&#8221; dots_color=&#8221;#919191&#8243; dots_active_color=&#8221;#0C71C3&#8243; overlay_color_field_bgcolor=&#8221;rgba(255,255,255,0.85)&#8221; image_force_fullwidth=&#8221;on&#8221; arrow_alignment=&#8221;center&#8221; arrow_position_tablet=&#8221;&#8221; arrow_position_phone=&#8221;&#8221; arrow_position_last_edited=&#8221;on|phone&#8221; admin_label=&#8221;SLIDER PETIT VIVIR&#8221; _builder_version=&#8221;4.19.5&#8243; title_font=&#8221;|800|||||||&#8221; title_font_size=&#8221;24px&#8221; title_line_height=&#8221;1.2em&#8221; body_font=&#8221;||||||||&#8221; body_font_size=&#8221;13px&#8221; custom_padding=&#8221;||||false|false&#8221; hover_transition_duration=&#8221;8000ms&#8221; hover_transition_delay=&#8221;1000ms&#8221; border_width_all_image=&#8221;0px&#8221; global_colors_info=&#8221;{}&#8221;][\/dica_divi_carousel][\/et_pb_column][\/et_pb_row][\/et_pb_section][et_pb_section fb_built=&#8221;1&#8243; admin_label=&#8221;PUERTA SUR&#8221; _builder_version=&#8221;4.19.5&#8243; _module_preset=&#8221;default&#8221; background_color=&#8221;rgba(255,255,255,0.68)&#8221; background_image=&#8221;https:\/\/bcu.cat\/wp-content\/uploads\/2023\/02\/2017-11-06-004-web-scaled.jpg&#8221; background_blend=&#8221;overlay&#8221; min_height=&#8221;312px&#8221; custom_padding=&#8221;28px||0px|||&#8221; global_colors_info=&#8221;{}&#8221;][et_pb_row column_structure=&#8221;1_3,2_3&#8243; _builder_version=&#8221;4.20.2&#8243; _module_preset=&#8221;default&#8221; min_height=&#8221;100px&#8221; custom_margin=&#8221;-2px|auto|0px|auto|false|false&#8221; custom_padding=&#8221;1px||0px|||&#8221; global_colors_info=&#8221;{}&#8221;][et_pb_column type=&#8221;1_3&#8243; admin_label=&#8221;GATE&#8221; _builder_version=&#8221;4.18.0&#8243; _module_preset=&#8221;default&#8221; global_colors_info=&#8221;{}&#8221;][et_pb_text admin_label=&#8221;BCN&#8221; _builder_version=&#8221;4.19.5&#8243; _module_preset=&#8221;default&#8221; header_text_align=&#8221;center&#8221; header_text_color=&#8221;#FFFFFF&#8221; background_color=&#8221;gcid-ac278b79-6023-4902-b4ae-010a33238a08&#8243; width=&#8221;85.9%&#8221; module_alignment=&#8221;right&#8221; custom_margin=&#8221;|443px|||false|false&#8221; custom_padding=&#8221;20px|20px|10px|20px|false|true&#8221; header_font_size_tablet=&#8221;&#8221; header_font_size_phone=&#8221;39px&#8221; header_font_size_last_edited=&#8221;on|phone&#8221; global_colors_info=&#8221;{%22gcid-ac278b79-6023-4902-b4ae-010a33238a08%22:%91%22background_color%22%93}&#8221;]<\/p>\n<h1>SOUTH GATE OF EUROPE<\/h1>\n<p>[\/et_pb_text][\/et_pb_column][et_pb_column type=&#8221;2_3&#8243; _builder_version=&#8221;4.18.0&#8243; _module_preset=&#8221;default&#8221; global_colors_info=&#8221;{}&#8221;][et_pb_text _builder_version=&#8221;4.19.5&#8243; _module_preset=&#8221;default&#8221; custom_margin=&#8221;||-2px|||&#8221; global_colors_info=&#8221;{}&#8221;]<\/p>\n<p><strong>Barcelona <\/strong>is the administrative and cultural capital of Catalonia. The city\u2019s two thousand year history has left its mark in its architectural, artistic and cultural heritage. Its excellent international communications, its Mediterranean climate and its cosmopolitan atmosphere make it a privileged city indeed.<\/p>\n<p>[\/et_pb_text][\/et_pb_column][\/et_pb_row][et_pb_row column_structure=&#8221;1_3,1_3,1_3&#8243; use_custom_gutter=&#8221;on&#8221; gutter_width=&#8221;1&#8243; _builder_version=&#8221;4.19.5&#8243; _module_preset=&#8221;default&#8221; min_height=&#8221;161.8px&#8221; custom_margin=&#8221;-2px|auto|-2px|auto|true|false&#8221; custom_padding=&#8221;15px|0px|15px|0px|true|false&#8221; global_colors_info=&#8221;{}&#8221;][et_pb_column type=&#8221;1_3&#8243; _builder_version=&#8221;4.18.0&#8243; _module_preset=&#8221;default&#8221; global_colors_info=&#8221;{}&#8221;][et_pb_image src=&#8221;https:\/\/bcu.cat\/wp-content\/uploads\/2023\/02\/2015-02-07-placa-del-rei-llum-web.jpg&#8221; title_text=&#8221;2015-02-07 placa del rei llum web&#8221; align=&#8221;right&#8221; _builder_version=&#8221;4.20.2&#8243; _module_preset=&#8221;default&#8221; global_colors_info=&#8221;{}&#8221;][\/et_pb_image][\/et_pb_column][et_pb_column type=&#8221;1_3&#8243; _builder_version=&#8221;4.18.0&#8243; _module_preset=&#8221;default&#8221; global_colors_info=&#8221;{}&#8221;][et_pb_text admin_label=&#8221;CATALUNYA&#8221; _builder_version=&#8221;4.20.2&#8243; _module_preset=&#8221;default&#8221; header_text_align=&#8221;center&#8221; header_text_color=&#8221;#FFFFFF&#8221; background_color=&#8221;#00aaaa&#8221; width=&#8221;79.1%&#8221; module_alignment=&#8221;center&#8221; custom_margin=&#8221;|443px|||false|false&#8221; custom_padding=&#8221;20px|20px|10px|20px|false|true&#8221; global_colors_info=&#8221;{}&#8221;]<\/p>\n<h1>CATALONIA<\/h1>\n<p>[\/et_pb_text][et_pb_text admin_label=&#8221;UNA LENGUA&#8221; _builder_version=&#8221;4.19.5&#8243; _module_preset=&#8221;default&#8221; header_text_align=&#8221;center&#8221; header_text_color=&#8221;#FFFFFF&#8221; header_3_text_align=&#8221;center&#8221; header_3_text_color=&#8221;#FFFFFF&#8221; header_3_font_size=&#8221;23px&#8221; header_3_line_height=&#8221;1.2em&#8221; background_color=&#8221;#009ead&#8221; transform_translate=&#8221;-22px|30px&#8221; width=&#8221;73.8%&#8221; module_alignment=&#8221;right&#8221; custom_margin=&#8221;-38px|0px||0px|false|false&#8221; custom_padding=&#8221;14px|19px|6px|12px|false|false&#8221; header_3_font_size_tablet=&#8221;23px&#8221; header_3_font_size_phone=&#8221;23px&#8221; header_3_font_size_last_edited=&#8221;on|phone&#8221; global_colors_info=&#8221;{}&#8221;]<\/p>\n<h3>AN OWN LANGUAGE AND CULTURE<\/h3>\n<p>[\/et_pb_text][\/et_pb_column][et_pb_column type=&#8221;1_3&#8243; _builder_version=&#8221;4.18.0&#8243; _module_preset=&#8221;default&#8221; global_colors_info=&#8221;{}&#8221;][et_pb_text admin_label=&#8221;SI ANTES&#8221; _builder_version=&#8221;4.21.0&#8243; _module_preset=&#8221;default&#8221; transform_scale_tablet=&#8221;&#8221; transform_scale_phone=&#8221;&#8221; transform_scale_last_edited=&#8221;on|phone&#8221; transform_translate_tablet=&#8221;0px|43px&#8221; transform_translate_phone=&#8221;0px|41px&#8221; transform_translate_last_edited=&#8221;on|phone&#8221; transform_translate_linked=&#8221;off&#8221; transform_rotate_tablet=&#8221;&#8221; transform_rotate_phone=&#8221;&#8221; transform_rotate_last_edited=&#8221;on|phone&#8221; transform_skew_tablet=&#8221;&#8221; transform_skew_phone=&#8221;&#8221; transform_skew_last_edited=&#8221;on|phone&#8221; transform_origin_tablet=&#8221;&#8221; transform_origin_phone=&#8221;&#8221; transform_origin_last_edited=&#8221;on|phone&#8221; transform_styles_last_edited=&#8221;on|phone&#8221; transform_styles_tablet=&#8221;&#8221; transform_styles_phone=&#8221;&#8221; global_colors_info=&#8221;{}&#8221;]<\/p>\n<p>If before your arrival you want to make a first approach to our language we recommend you not to hesitate visiting the following links, as it will help you to choose the option which best suits your needs.<\/p>\n<p><\/p>\n<ul>\n<li><strong>Consorci per a la Normalitzaci\u00f3 Ling\u00fc\u00edstica: <\/strong>To check the different levels where you can register for following the face, distance learning or online teaching modalities.<em>\u00a0<a title=\"Consorci de Normalitzaci\u00f3 Ling\u00fc\u00edstica\" href=\"https:\/\/www.cpnl.cat\/es\/cursos-de-catala\/\" target=\"_blank\" rel=\"noopener\">+ info \u2192<\/a><\/em><\/li>\n<\/ul>\n<p><\/p>\n<ul>\n<li><strong>Parla.cat: <\/strong>\u00a0virtual learning environment with different options: <em><a title=\"Parla.cat\" href=\"https:\/\/www.parla.cat\/pres_catalaenlinia\/AppPHP\/login\/index.php?lang=es) \" target=\"_blank\" rel=\"noopener\">parla.cat\u00a0\u2192<\/a><\/em><\/li>\n<li><strong>Intercat.cat:<\/strong> information about Catalan courses at Catalan universities, official exams, online resources, language exchanges, etc. <a title=\"INTERCAT\" href=\"https:\/\/www.intercat.cat\/es\" target=\"_blank\" rel=\"noopener\">intercat.cat <em>\u2192<\/em><\/a><\/li>\n<\/ul>\n<p>[\/et_pb_text][\/et_pb_column][\/et_pb_row][\/et_pb_section][et_pb_section fb_built=&#8221;1&#8243; module_id=&#8221;Conoce&#8221; _builder_version=&#8221;4.27.4&#8243; _module_preset=&#8221;default&#8221; use_background_color_gradient=&#8221;on&#8221; background_color_gradient_stops=&#8221;rgba(68,170,170,0.24) 24%|rgba(196,196,196,0) 100%&#8221; background_image=&#8221;https:\/\/bcu.cat\/wp-content\/uploads\/2022\/10\/high-school_22.png&#8221; background_size=&#8221;initial&#8221; background_position=&#8221;top_left&#8221; background_repeat=&#8221;repeat-x&#8221; custom_padding=&#8221;52px||16px|||&#8221; global_colors_info=&#8221;{}&#8221;][et_pb_row _builder_version=&#8221;4.19.5&#8243; _module_preset=&#8221;default&#8221; custom_padding=&#8221;2px|0px|2px|||&#8221; global_colors_info=&#8221;{}&#8221;][et_pb_column type=&#8221;4_4&#8243; _builder_version=&#8221;4.19.5&#8243; _module_preset=&#8221;default&#8221; global_colors_info=&#8221;{}&#8221;][et_pb_text _builder_version=&#8221;4.20.2&#8243; _module_preset=&#8221;default&#8221; header_text_align=&#8221;center&#8221; header_text_color=&#8221;#FFFFFF&#8221; header_font_size=&#8221;48px&#8221; header_letter_spacing=&#8221;1px&#8221; background_color=&#8221;gcid-ac278b79-6023-4902-b4ae-010a33238a08&#8243; custom_padding=&#8221;11px||0px|||&#8221; header_font_size_tablet=&#8221;48px&#8221; header_font_size_phone=&#8221;43px&#8221; header_font_size_last_edited=&#8221;on|phone&#8221; global_colors_info=&#8221;{%22gcid-ac278b79-6023-4902-b4ae-010a33238a08%22:%91%22background_color%22%93}&#8221;]<\/p>\n<h1>KNOW BARCELONA<\/h1>\n<p>[\/et_pb_text][et_pb_text _builder_version=&#8221;4.19.5&#8243; _module_preset=&#8221;default&#8221; header_text_align=&#8221;center&#8221; header_text_color=&#8221;#FFFFFF&#8221; header_font_size=&#8221;22px&#8221; header_letter_spacing=&#8221;1px&#8221; header_line_height=&#8221;1.5em&#8221; background_color=&#8221;#0A0A0A&#8221; width=&#8221;100%&#8221; max_width=&#8221;90%&#8221; custom_margin=&#8221;-42px||||false|false&#8221; custom_padding=&#8221;11px|19px|0px|19px|false|true&#8221; header_font_size_tablet=&#8221;17px&#8221; header_font_size_phone=&#8221;14px&#8221; header_font_size_last_edited=&#8221;on|phone&#8221; global_colors_info=&#8221;{}&#8221;]<\/p>\n<h1>Useful tips to prepare everything you need to enjoy your stay<\/h1>\n<p>[\/et_pb_text][\/et_pb_column][\/et_pb_row][et_pb_row column_structure=&#8221;1_2,1_2&#8243; use_custom_gutter=&#8221;on&#8221; gutter_width=&#8221;2&#8243; _builder_version=&#8221;4.19.5&#8243; _module_preset=&#8221;default&#8221; global_colors_info=&#8221;{}&#8221;][et_pb_column type=&#8221;1_2&#8243; _builder_version=&#8221;4.19.5&#8243; _module_preset=&#8221;default&#8221; global_colors_info=&#8221;{}&#8221;][et_pb_text content_tablet=&#8221;<\/p>\n<p><a href=%22https:\/\/www.youtube.com\/watch?v=jbInCOUTqPs%22 data-et-target-link=%22_blank%22 rel=%22noopener%22><img class=%22wp-image-140538 alignnone size-medium%22 style=%22width: 100%; aspect-ratio: 16\/9;%22 src=%22https:\/\/bcu.cat\/wp-content\/uploads\/2026\/02\/bcn-int-desk-1.jpg%22 alt=%22%22 \/><\/a><\/p>\n<p>&#8221; content_phone=&#8221;<\/p>\n<p><a href=%22https:\/\/www.youtube.com\/watch?v=jbInCOUTqPs%22 data-et-target-link=%22_blank%22 rel=%22noopener%22><img class=%22wp-image-140538 alignnone size-medium%22 style=%22width: 100%; aspect-ratio: 16\/9;%22 src=%22https:\/\/bcu.cat\/wp-content\/uploads\/2026\/02\/bcn-int-desk-1.jpg%22 alt=%22%22 \/><\/a><\/p>\n<p>&#8221; content_last_edited=&#8221;on|desktop&#8221; admin_label=&#8221;video biwd&#8221; _builder_version=&#8221;4.27.4&#8243; _module_preset=&#8221;default&#8221; text_font_size=&#8221;36px&#8221; width=&#8221;%22320%22&#8243; width_tablet=&#8221;&#8221; width_phone=&#8221;&#8221; width_last_edited=&#8221;on|desktop&#8221; module_alignment=&#8221;center&#8221; height=&#8221;%22%22&#8243; custom_margin_tablet=&#8221;|||24px|false|false&#8221; custom_margin_phone=&#8221;|||24px|false|false&#8221; custom_margin_last_edited=&#8221;on|phone&#8221; hover_enabled=&#8221;0&#8243; global_colors_info=&#8221;{}&#8221; sticky_enabled=&#8221;0&#8243;]<\/p>\n<p><a href=\"https:\/\/www.youtube.com\/watch?v=jbInCOUTqPs\" target=\"_blank\" rel=\"noopener\"><img decoding=\"async\" class=\"wp-image-140538 alignnone size-medium\" style=\"width: 100%; aspect-ratio: 16\/9;\" src=\"https:\/\/bcu.cat\/wp-content\/uploads\/2026\/02\/bcn-int-desk-1.jpg\" alt=\"\" \/><\/a><\/p>\n<p>[\/et_pb_text][\/et_pb_column][et_pb_column type=&#8221;1_2&#8243; _builder_version=&#8221;4.19.5&#8243; _module_preset=&#8221;default&#8221; global_colors_info=&#8221;{}&#8221;][et_pb_text _builder_version=&#8221;4.20.0&#8243; _module_preset=&#8221;default&#8221; header_text_align=&#8221;left&#8221; header_text_color=&#8221;#00af9b&#8221; header_font_size=&#8221;64px&#8221; header_line_height=&#8221;0.8em&#8221; custom_margin=&#8221;|||0px|false|false&#8221; custom_margin_tablet=&#8221;|||21px|false|false&#8221; custom_margin_phone=&#8221;|||2px|false|false&#8221; custom_margin_last_edited=&#8221;on|phone&#8221; header_font_size_tablet=&#8221;64px&#8221; header_font_size_phone=&#8221;41px&#8221; header_font_size_last_edited=&#8221;on|desktop&#8221; global_colors_info=&#8221;{}&#8221;]<\/p>\n<h1>Barcelona<\/h1>\n<p><\/p>\n<h1>International<\/h1>\n<p><\/p>\n<h1>Welcome Desk<\/h1>\n<p>[\/et_pb_text][\/et_pb_column][\/et_pb_row][et_pb_row column_structure=&#8221;1_4,3_4&#8243; use_custom_gutter=&#8221;on&#8221; gutter_width=&#8221;2&#8243; make_equal=&#8221;on&#8221; _builder_version=&#8221;4.19.5&#8243; _module_preset=&#8221;default&#8221; custom_padding=&#8221;4px||22px|||&#8221; global_colors_info=&#8221;{}&#8221;][et_pb_column type=&#8221;1_4&#8243; _builder_version=&#8221;4.19.5&#8243; _module_preset=&#8221;default&#8221; global_colors_info=&#8221;{}&#8221;][et_pb_image src=&#8221;https:\/\/bcu.cat\/wp-content\/uploads\/2023\/04\/VIURE-BARCELONA-WIFI_NBD.jpg&#8221; title_text=&#8221;VIURE-BARCELONA-WIFI_NBD&#8221; admin_label=&#8221;wifibcn&#8221; _builder_version=&#8221;4.20.2&#8243; _module_preset=&#8221;default&#8221; background_enable_image=&#8221;off&#8221; width=&#8221;100%&#8221; max_width=&#8221;100%&#8221; module_alignment=&#8221;center&#8221; min_height_tablet=&#8221;&#8221; min_height_phone=&#8221;&#8221; min_height_last_edited=&#8221;on|desktop&#8221; height=&#8221;214px&#8221; custom_margin=&#8221;||-18px|||&#8221; custom_padding=&#8221;||0px|||&#8221; global_colors_info=&#8221;{}&#8221;][\/et_pb_image][\/et_pb_column][et_pb_column type=&#8221;3_4&#8243; _builder_version=&#8221;4.19.5&#8243; _module_preset=&#8221;default&#8221; global_colors_info=&#8221;{}&#8221;][et_pb_text admin_label=&#8221;WIFI&#8221; _builder_version=&#8221;4.21.0&#8243; _module_preset=&#8221;default&#8221; header_text_color=&#8221;#62ACAC&#8221; link_option_url_new_window=&#8221;on&#8221; global_colors_info=&#8221;{}&#8221;]<\/p>\n<h1>BARCELONA WIFI<\/h1>\n<p><\/p>\n<p>Barcelona WiFi is a Barcelona City Council service that enables you to connect to the Internet through WiFi access points, or hotspots, located in various municipal amenities and public access points. You can check the WiFi stations\u00a0<a title=\"Barcelona WIFI\" href=\"https:\/\/ajuntament.barcelona.cat\/barcelonawifi\/es\/welcome.html\" target=\"_blank\" rel=\"noopener\"><em>here \u2192<\/em><\/a><\/p>\n<p><\/p>\n<p><a title=\"pdf-wifi\" href=\"https:\/\/ajuntament.barcelona.cat\/barcelonawifi\/docs\/es\/manual.pdf\"><img loading=\"lazy\" decoding=\"async\" class=\"wp-image-122494 alignnone size-medium\" src=\"https:\/\/bcu.cat\/wp-content\/uploads\/2023\/05\/DESCARREGAR-PDF-ICONA2-243x300.png\" alt=\"\" width=\"91\" height=\"112\" \/>\u00a0 \u00a0Download user manual<\/a><\/p>\n<p>[\/et_pb_text][\/et_pb_column][\/et_pb_row][et_pb_row column_structure=&#8221;1_4,3_4&#8243; use_custom_gutter=&#8221;on&#8221; gutter_width=&#8221;2&#8243; _builder_version=&#8221;4.19.5&#8243; _module_preset=&#8221;default&#8221; background_color=&#8221;rgba(177,179,180,0.32)&#8221; custom_padding=&#8221;15px|15px|15px|15px|true|true&#8221; border_width_bottom=&#8221;4px&#8221; border_color_bottom=&#8221;gcid-ac278b79-6023-4902-b4ae-010a33238a08&#8243; box_shadow_style=&#8221;preset3&#8243; box_shadow_blur=&#8221;16px&#8221; box_shadow_spread=&#8221;-9px&#8221; global_colors_info=&#8221;{%22gcid-ac278b79-6023-4902-b4ae-010a33238a08%22:%91%22border_color_bottom%22%93}&#8221;][et_pb_column type=&#8221;1_4&#8243; _builder_version=&#8221;4.19.5&#8243; _module_preset=&#8221;default&#8221; global_colors_info=&#8221;{}&#8221;][et_pb_image src=&#8221;https:\/\/bcu.cat\/wp-content\/uploads\/2023\/02\/VIURE-BANCS-COMPTES2.jpg&#8221; title_text=&#8221;BANCS&#8221; _builder_version=&#8221;4.19.5&#8243; _module_preset=&#8221;default&#8221; global_colors_info=&#8221;{}&#8221;][\/et_pb_image][\/et_pb_column][et_pb_column type=&#8221;3_4&#8243; _builder_version=&#8221;4.19.5&#8243; _module_preset=&#8221;default&#8221; global_colors_info=&#8221;{}&#8221;][et_pb_text admin_label=&#8221;BANCOS&#8221; _builder_version=&#8221;4.27.4&#8243; _module_preset=&#8221;default&#8221; header_2_text_color=&#8221;#62acac&#8221; header_3_text_color=&#8221;#62acac&#8221; global_colors_info=&#8221;{}&#8221;]<\/p>\n<h2>\u00a0<\/h2>\n<p><\/p>\n<h2>BANKS<\/h2>\n<p><\/p>\n<p>Banks open from Monday to Friday, usually from 08.30 a.m. to 2.00 p.m. Some of them also open in the afternoon from Monday to Thursday or only one afternoon a week, except in summer, when they only open in the morning. A number of currency exchange offices can also be found in the city centre and near to some tourist attractions. Foreign students, researchers and lecturers (both those who come from EU Member States and those from outside the EU) can open a non-resident account in the different financial institutions upon provision of a valid passport. Citizens of EU Member States can also open an account as residents. We would recommend that you ask about the conditions offered by the different banks and choose the one that is most appropriate to your needs.<\/p>\n<p><\/p>\n<h3>\u00a0<\/h3>\n<p><\/p>\n<h3>HOW CAN I OPEN A BANK ACCOUNT?<\/h3>\n<p><\/p>\n<p>You will need to present your passport, NIE (to obtain it, if you are outside Spain, you must go to the Spanish diplomatic mission or consular office for the area where you live or you can grant power of attorney to someone who is in Spain to represent you; if you are legally in Spain, you must go to the General Directorate of Police scheduling an <a href=\"https:\/\/icp.administracionelectronica.gob.es\/icpplustieb\/citar?p=8&amp;locale=es\">appointment<\/a>) or TIE (you must go to the National Police station, by <a href=\"https:\/\/icp.administracionelectronica.gob.es\/icpplus\/index.html\">appointment<\/a>, corresponding to any town in the province where you are registered). Some banks will also ask you for the admission letter by the host university or research centre or some document proving the reason for your stay in Barcelona.<\/p>\n<p>[\/et_pb_text][\/et_pb_column][\/et_pb_row][\/et_pb_section][et_pb_section fb_built=&#8221;1&#8243; _builder_version=&#8221;4.19.5&#8243; _module_preset=&#8221;default&#8221; use_background_color_gradient=&#8221;on&#8221; background_color_gradient_stops=&#8221;rgba(90,242,48,0) 0%|#92ba21 100%&#8221; custom_padding=&#8221;9px||9px||true|&#8221; global_colors_info=&#8221;{}&#8221;][et_pb_row column_structure=&#8221;1_2,1_2&#8243; _builder_version=&#8221;4.19.5&#8243; _module_preset=&#8221;default&#8221; global_colors_info=&#8221;{}&#8221;][et_pb_column type=&#8221;1_2&#8243; _builder_version=&#8221;4.19.5&#8243; _module_preset=&#8221;default&#8221; global_colors_info=&#8221;{}&#8221;][et_pb_accordion open_toggle_background_color=&#8221;#edf9f9&#8243; icon_color=&#8221;#009EE0&#8243; use_icon_font_size=&#8221;on&#8221; icon_font_size=&#8221;18px&#8221; _builder_version=&#8221;4.20.2&#8243; _module_preset=&#8221;default&#8221; toggle_font_size=&#8221;17px&#8221; body_line_height=&#8221;1.6em&#8221; toggle_font_size_tablet=&#8221;17px&#8221; toggle_font_size_phone=&#8221;17px&#8221; toggle_font_size_last_edited=&#8221;on|phone&#8221; body_font_size_tablet=&#8221;13px&#8221; body_font_size_phone=&#8221;12px&#8221; body_font_size_last_edited=&#8221;on|desktop&#8221; border_width_all=&#8221;0px&#8221; border_width_bottom=&#8221;4px&#8221; border_color_bottom=&#8221;gcid-ac278b79-6023-4902-b4ae-010a33238a08&#8243; box_shadow_style=&#8221;preset3&#8243; box_shadow_vertical=&#8221;2px&#8221; box_shadow_blur=&#8221;17px&#8221; box_shadow_spread=&#8221;-9px&#8221; global_colors_info=&#8221;{%22gcid-ac278b79-6023-4902-b4ae-010a33238a08%22:%91%22border_color_bottom%22%93}&#8221;][et_pb_accordion_item title=&#8221;MEALTIMES&#8221; open=&#8221;on&#8221; icon_color=&#8221;#009EE0&#8243; use_icon_font_size=&#8221;on&#8221; _builder_version=&#8221;4.19.5&#8243; _module_preset=&#8221;default&#8221; custom_css_before=&#8221;content: url(https:\/\/bcu.cat\/wp-content\/uploads\/2023\/02\/ICONA-HORAMENJAR-01-e1676477401499.png);||position: absolute;||top: 4px;||left: 12px;&#8221; custom_css_toggle_title=&#8221;margin-left: 50px;&#8221; custom_css_toggle_content=&#8221;margin-left: 50px;&#8221; global_colors_info=&#8221;{}&#8221;]<\/p>\n<p>In Barcelona, like in the rest of Spain, the custom is to eat late:<br \/><strong>Breakfast:<\/strong>\u00a0between 08.00 and 11.00 a.m.<br \/><strong>Appetisers (or vermouth):<\/strong>\u00a0at weekends it is typical to have a snack between 12.00 noon and 02.00 p.m.<br \/>This snack consists of small tapas accompanied by a soft drink or the classic vermouth.<br \/><strong>Lunch:<\/strong>between 01.30 and 03.00 p.m.<br \/><strong>Afternoon snack:<\/strong>\u00a0between 05.00 and 06.30 p.m.<br \/><strong>Dinner:<\/strong>between 09.00 and 10.30 p.m. In general you should have no real problem finding somewhere to eat at any time of day. Restaurants are open at lunch and dinner times and if you want to eat outside of these times, you can always do so in a bar or cafe, where you can usually order sandwiches or tapas.<\/p>\n<p>[\/et_pb_accordion_item][et_pb_accordion_item title=&#8221;BUSINESS OPENING HOURS&#8221; icon_color=&#8221;#009EE0&#8243; use_icon_font_size=&#8221;on&#8221; _builder_version=&#8221;4.20.2&#8243; _module_preset=&#8221;default&#8221; custom_css_before=&#8221;content: url(https:\/\/bcu.cat\/wp-content\/uploads\/2023\/02\/ICONA-COMPRES-01-01-e1676476625527.png);||position: absolute;||top: 4px;||left: 12px;&#8221; custom_css_toggle_title=&#8221;margin-left: 50px;&#8221; custom_css_toggle_content=&#8221;margin-left: 50px;&#8221; global_colors_info=&#8221;{}&#8221; open=&#8221;off&#8221;]<\/p>\n<p>From Monday to Saturday, the city\u2019s businesses usually open between 09.00 and 10.00 a.m and close for lunch at 01.30 or 02.00 p.m, reopening for the afternoon between 04.00 and 05.00 p.m. They close for the evening between 08.00 and 09.00 p.m. Large shopping centres and many shops in the city centre are open right through from 10.00 a.m. until 09.00 or 10.00 p.m.<strong>\u00a0<\/strong><\/p>\n<p>[\/et_pb_accordion_item][\/et_pb_accordion][\/et_pb_column][et_pb_column type=&#8221;1_2&#8243; _builder_version=&#8221;4.19.5&#8243; _module_preset=&#8221;default&#8221; global_colors_info=&#8221;{}&#8221;][et_pb_slider _builder_version=&#8221;4.19.5&#8243; _module_preset=&#8221;default&#8221; min_height=&#8221;504.4px&#8221; auto=&#8221;on&#8221; box_shadow_style=&#8221;preset3&#8243; box_shadow_blur=&#8221;16px&#8221; box_shadow_spread=&#8221;-8px&#8221; global_colors_info=&#8221;{}&#8221;][et_pb_slide _builder_version=&#8221;4.19.5&#8243; _module_preset=&#8221;default&#8221; background_enable_color=&#8221;off&#8221; background_image=&#8221;https:\/\/bcu.cat\/wp-content\/uploads\/2023\/02\/HORARIS-RESTAURANTS.jpg&#8221; background_enable_image=&#8221;on&#8221; background_position=&#8221;center_left&#8221; background_horizontal_offset=&#8221;0%&#8221; global_colors_info=&#8221;{}&#8221; sticky_transition=&#8221;on&#8221;][\/et_pb_slide][et_pb_slide _builder_version=&#8221;4.19.5&#8243; _module_preset=&#8221;default&#8221; background_enable_color=&#8221;off&#8221; background_image=&#8221;https:\/\/bcu.cat\/wp-content\/uploads\/2023\/02\/2014-06-21-nit-port-olimpic-01-web.jpg&#8221; background_enable_image=&#8221;on&#8221; width=&#8221;100%&#8221; max_width=&#8221;100%&#8221; global_colors_info=&#8221;{}&#8221; sticky_transition=&#8221;on&#8221;][\/et_pb_slide][et_pb_slide _builder_version=&#8221;4.19.5&#8243; _module_preset=&#8221;default&#8221; background_enable_color=&#8221;off&#8221; background_image=&#8221;https:\/\/bcu.cat\/wp-content\/uploads\/2023\/02\/HORARIS-RESTAURANTS.jpg&#8221; background_enable_image=&#8221;on&#8221; background_position=&#8221;center_right&#8221; width=&#8221;100%&#8221; max_width=&#8221;100%&#8221; global_colors_info=&#8221;{}&#8221; sticky_transition=&#8221;on&#8221;][\/et_pb_slide][et_pb_slide _builder_version=&#8221;4.19.5&#8243; _module_preset=&#8221;default&#8221; background_enable_color=&#8221;off&#8221; background_image=&#8221;https:\/\/bcu.cat\/wp-content\/uploads\/2023\/02\/2018-05-23-sant-antoni-04-web.jpg&#8221; background_enable_image=&#8221;on&#8221; width=&#8221;100%&#8221; max_width=&#8221;100%&#8221; global_colors_info=&#8221;{}&#8221; sticky_transition=&#8221;on&#8221;][\/et_pb_slide][\/et_pb_slider][\/et_pb_column][\/et_pb_row][\/et_pb_section][et_pb_section fb_built=&#8221;1&#8243; module_id=&#8221;Gestiona&#8221; _builder_version=&#8221;4.27.4&#8243; _module_preset=&#8221;default&#8221; background_image=&#8221;https:\/\/bcu.cat\/wp-content\/uploads\/2022\/10\/high-school_22.png&#8221; background_size=&#8221;initial&#8221; background_position=&#8221;top_left&#8221; background_repeat=&#8221;repeat-x&#8221; background_enable_pattern_style=&#8221;on&#8221; background_pattern_style=&#8221;crosses&#8221; background_pattern_color=&#8221;rgba(98,172,172,0.18)&#8221; background_pattern_size=&#8221;custom&#8221; background_pattern_width=&#8221;742px&#8221; background_pattern_horizontal_offset=&#8221;4%&#8221; background_pattern_vertical_offset=&#8221;48%&#8221; custom_padding=&#8221;24px||24px||true|false&#8221; global_colors_info=&#8221;{}&#8221;][et_pb_row column_structure=&#8221;1_3,1_3,1_3&#8243; use_custom_gutter=&#8221;on&#8221; gutter_width=&#8221;2&#8243; _builder_version=&#8221;4.19.5&#8243; _module_preset=&#8221;default&#8221; background_color=&#8221;#FFFFFF&#8221; custom_padding=&#8221;18px|18px|18px|18px|true|true&#8221; border_width_bottom=&#8221;4px&#8221; border_color_bottom=&#8221;#62acac&#8221; box_shadow_style=&#8221;preset2&#8243; box_shadow_blur=&#8221;16px&#8221; box_shadow_spread=&#8221;-12px&#8221; global_colors_info=&#8221;{}&#8221;][et_pb_column type=&#8221;1_3&#8243; _builder_version=&#8221;4.19.5&#8243; _module_preset=&#8221;default&#8221; global_colors_info=&#8221;{}&#8221;][et_pb_slider show_arrows=&#8221;off&#8221; show_pagination=&#8221;off&#8221; _builder_version=&#8221;4.20.2&#8243; _module_preset=&#8221;default&#8221; custom_padding=&#8221;||11px||false|false&#8221; auto=&#8221;on&#8221; auto_ignore_hover=&#8221;on&#8221; box_shadow_style=&#8221;preset2&#8243; box_shadow_blur=&#8221;16px&#8221; box_shadow_spread=&#8221;-1px&#8221; global_colors_info=&#8221;{}&#8221;][et_pb_slide heading=&#8221;Hospital de Bellvitge&#8221; button_link=&#8221;https:\/\/bellvitgehospital.cat\/en&#8221; _builder_version=&#8221;4.19.5&#8243; _module_preset=&#8221;default&#8221; header_text_align=&#8221;center&#8221; background_image=&#8221;https:\/\/bcu.cat\/wp-content\/uploads\/2023\/02\/bellvitge-hospital.jpg&#8221; background_enable_image=&#8221;on&#8221; custom_padding=&#8221;264px||||false|false&#8221; header_text_shadow_style=&#8221;preset2&#8243; header_text_shadow_vertical_length=&#8221;0.19em&#8221; header_text_shadow_blur_strength=&#8221;0.38em&#8221; header_text_shadow_color=&#8221;#0A0A0A&#8221; global_colors_info=&#8221;{}&#8221; sticky_transition=&#8221;on&#8221;][\/et_pb_slide][et_pb_slide heading=&#8221;Hospital Vall d&apos;Hebron&#8221; button_link=&#8221;https:\/\/www.vallhebron.com\/en&#8221; url_new_window=&#8221;on&#8221; _builder_version=&#8221;4.20.2&#8243; _module_preset=&#8221;default&#8221; header_text_align=&#8221;center&#8221; background_image=&#8221;https:\/\/bcu.cat\/wp-content\/uploads\/2023\/02\/Hospital-Vall-Ebron.jpg&#8221; background_enable_image=&#8221;on&#8221; custom_padding=&#8221;264px||||false|false&#8221; header_text_shadow_style=&#8221;preset2&#8243; header_text_shadow_vertical_length=&#8221;0.19em&#8221; header_text_shadow_blur_strength=&#8221;0.38em&#8221; header_text_shadow_color=&#8221;#0A0A0A&#8221; global_colors_info=&#8221;{}&#8221; sticky_transition=&#8221;on&#8221;][\/et_pb_slide][et_pb_slide heading=&#8221;Hospital del Mar&#8221; button_link=&#8221;https:\/\/www.parcdesalutmar.cat\/ca\/hospitals\/hospital-del-mar\/&#8221; url_new_window=&#8221;on&#8221; _builder_version=&#8221;4.19.5&#8243; _module_preset=&#8221;default&#8221; header_text_align=&#8221;center&#8221; background_image=&#8221;https:\/\/bcu.cat\/wp-content\/uploads\/2023\/02\/Hospital-Mar.jpg&#8221; background_enable_image=&#8221;on&#8221; custom_padding=&#8221;264px||||false|false&#8221; link_option_url_new_window=&#8221;on&#8221; header_text_shadow_style=&#8221;preset2&#8243; header_text_shadow_vertical_length=&#8221;0.19em&#8221; header_text_shadow_blur_strength=&#8221;0.38em&#8221; header_text_shadow_color=&#8221;#0A0A0A&#8221; global_colors_info=&#8221;{}&#8221; sticky_transition=&#8221;on&#8221;][\/et_pb_slide][et_pb_slide heading=&#8221;Hospital Cl\u00ednic&#8221; button_link=&#8221;https:\/\/www.clinicbarcelona.org\/en&#8221; _builder_version=&#8221;4.19.5&#8243; _module_preset=&#8221;default&#8221; header_text_align=&#8221;center&#8221; background_image=&#8221;https:\/\/bcu.cat\/wp-content\/uploads\/2023\/02\/Hospital-clinic-2.jpg&#8221; background_enable_image=&#8221;on&#8221; custom_padding=&#8221;264px||||false|false&#8221; link_option_url_new_window=&#8221;on&#8221; header_text_shadow_style=&#8221;preset2&#8243; header_text_shadow_vertical_length=&#8221;0.19em&#8221; header_text_shadow_blur_strength=&#8221;0.38em&#8221; header_text_shadow_color=&#8221;#0A0A0A&#8221; global_colors_info=&#8221;{}&#8221; sticky_transition=&#8221;on&#8221;][\/et_pb_slide][et_pb_slide heading=&#8221;Hospital de Sant Pau&#8221; button_link=&#8221;http:\/\/www.santpau.es\/en\/&#8221; url_new_window=&#8221;on&#8221; admin_title=&#8221;HOSPITAL DE SANT PAU&#8221; _builder_version=&#8221;4.20.2&#8243; _module_preset=&#8221;default&#8221; header_text_align=&#8221;center&#8221; background_image=&#8221;https:\/\/bcu.cat\/wp-content\/uploads\/2023\/02\/Hospital-Sant-Pau.jpg&#8221; background_enable_image=&#8221;on&#8221; custom_padding=&#8221;264px||||false|false&#8221; link_option_url_new_window=&#8221;on&#8221; header_text_shadow_style=&#8221;preset2&#8243; header_text_shadow_vertical_length=&#8221;0.19em&#8221; header_text_shadow_blur_strength=&#8221;0.38em&#8221; header_text_shadow_color=&#8221;#0A0A0A&#8221; global_colors_info=&#8221;{}&#8221; sticky_transition=&#8221;on&#8221;][\/et_pb_slide][\/et_pb_slider][\/et_pb_column][et_pb_column type=&#8221;1_3&#8243; _builder_version=&#8221;4.19.5&#8243; _module_preset=&#8221;default&#8221; global_colors_info=&#8221;{}&#8221;][et_pb_text _builder_version=&#8221;4.19.5&#8243; _module_preset=&#8221;default&#8221; header_3_text_color=&#8221;#62acac&#8221; header_3_font_size=&#8221;25px&#8221; header_3_font_size_tablet=&#8221;25px&#8221; header_3_font_size_phone=&#8221;22px&#8221; header_3_font_size_last_edited=&#8221;on|desktop&#8221; global_colors_info=&#8221;{}&#8221;]<\/p>\n<h3>HOW CAN I ACCESS THE PUBLIC HEALTH SYSTEM?<\/h3>\n<p><\/p>\n<p>The health card allows you to access the services of the public health system. All people registered, with a residence permit, can get the health card. You should go to the Center for Primary Care (CAP) in the neighborhood. You can also call 902 111 444.<\/p>\n<p>[\/et_pb_text][\/et_pb_column][et_pb_column type=&#8221;1_3&#8243; _builder_version=&#8221;4.19.5&#8243; _module_preset=&#8221;default&#8221; global_colors_info=&#8221;{}&#8221;][et_pb_toggle title=&#8221;PUBLIC HOSPITALS&#8221; open_toggle_text_color=&#8221;#009EE0&#8243; open_toggle_background_color=&#8221;#D5EDFA&#8221; closed_toggle_background_color=&#8221;rgba(98,172,172,0.24)&#8221; icon_color=&#8221;#62acac&#8221; use_icon_font_size=&#8221;on&#8221; icon_font_size=&#8221;18px&#8221; _builder_version=&#8221;4.27.0&#8243; _module_preset=&#8221;default&#8221; overflow-y=&#8221;auto&#8221; border_width_all=&#8221;0px&#8221; global_colors_info=&#8221;{}&#8221;]<\/p>\n<p><strong>Hospital Universitari General de la Vall d\u2019Hebron:<\/strong><br \/>Pg. de la Vall d\u2019Hebron, 119 \u2013 Tel. 93 489 30 00 \u2013 08035 Barcelona<br \/><em><a title=\"Hospital Universitari General de la Vall d'Hebron\" href=\"https:\/\/www.vallhebron.com\/es\" target=\"_blank\" rel=\"noopener\">vallhebron.com \u2192<\/a><\/em><br \/><strong>Hospital de la Santa Creu i Sant Pau:<\/strong><br \/>C\/ Sant Quint\u00ed, 89 \u2013 Tel. 93 291 90 00 \u2013 08041 Barcelona<br \/><em><a title=\"Hospital de la Santa Creu i Sant Pau\" href=\"http:\/\/www.santpau.es\/\" target=\"_blank\" rel=\"noopener\">santpau.cat \u2192<\/a><\/em><br \/><strong>Hospital Dos de Maig:<\/strong><br \/>C\/ Dos de Maig, 301 \u2013 Tel. 93 507 27 00 \u2013 08025 Barcelona<br \/><em><a title=\"Hospital Dos de Maig\" href=\"https:\/\/www.csi.cat\/ciutadans\/centres\/hospital-dos-maig\/es_index.html\" target=\"_blank\" rel=\"noopener\">csi.cat \u2192<\/a><\/em><br \/><strong>Hospital Sant Joan de D\u00e9u:<\/strong><br \/>Passeig Sant Joan de D\u00e9u, 2 \u2013 Tel. 93 253 21 00 \u2013 08950 Esplugues de Llobregat<br \/><em><a title=\"Hospital Sant Joan de D\u00e9u\" href=\"https:\/\/www.sjdhospitalbarcelona.org\/es \" target=\"_blank\" rel=\"noopener\">sjdhospitalbarcelona.org \u2192<\/a><\/em><br \/><strong>Hospital Cl\u00ednic de Barcelona:<\/strong><br \/>C\/ Villarroel, 170 \u2013 Tel. 93 227 54 00 \u2013 08036 Barcelona<br \/><em><a title=\"Hospital Cl\u00ednic i Provincial de Barcelona\" href=\"http:\/\/www.hospitalclinic.org\/\" target=\"_blank\" rel=\"noopener\">clinicbarcelona.org \u2192<\/a><\/em><br \/><strong>Hospital del Mar:<\/strong><br \/>Pg. Mar\u00edtim, 25-29 \u2013 Tel. 93 248 30 00 \u2013 08003 Barcelona<br \/><em><a title=\"Hospital del Mar\" href=\"https:\/\/www.parcdesalutmar.cat\/es_index.html\" target=\"_blank\" rel=\"noopener\">parcdesalutmar.cat \u2192<\/a><\/em><br \/><strong>Hospital de l\u2019Esperan\u00e7a:<\/strong><br \/>C\/ Sant Josep de la Muntanya, 12 \u2013 Tel. 93 367 41 00 \u2013 08024 Barcelona<br \/><em><a title=\"Hospital de l'Esperan\u00e7a\" href=\"http:\/\/www.parcdesalutmar.cat\/hospitals\/hospital-esperan\/es_index.html\" target=\"_blank\" rel=\"noopener\">parcdesalutmar.cat \u2192<\/a><\/em><br \/><strong>Hospital Universitari de Bellvitge:<\/strong><br \/>C\/ Feixa Llarga, s\/n \u2013 Tel. 93 260 75 00 \u2013 08907 L\u2019Hospitalet de Llobregat<br \/><em><a title=\"Hospital Universitari de Bellvitge\" href=\"http:\/\/www.bellvitgehospital.cat\/\" target=\"_blank\" rel=\"noopener\">bellvitgehospital.cat \u2192<\/a><\/em><\/p>\n<p>[\/et_pb_toggle][\/et_pb_column][\/et_pb_row][\/et_pb_section][et_pb_section fb_built=&#8221;1&#8243; _builder_version=&#8221;4.20.0&#8243; _module_preset=&#8221;default&#8221; background_color=&#8221;rgba(177,179,180,0.08)&#8221; use_background_color_gradient=&#8221;on&#8221; background_color_gradient_direction=&#8221;90deg&#8221; background_color_gradient_stops=&#8221;rgba(244,248,249,0.45) 51%|#e3e7e8 51%&#8221; custom_padding=&#8221;24px||24px||true|false&#8221; global_colors_info=&#8221;{}&#8221;][et_pb_row column_structure=&#8221;1_2,1_2&#8243; use_custom_gutter=&#8221;on&#8221; gutter_width=&#8221;2&#8243; _builder_version=&#8221;4.19.5&#8243; _module_preset=&#8221;default&#8221; background_color=&#8221;#FFFFFF&#8221; custom_padding=&#8221;18px|18px|18px|18px|true|true&#8221; border_width_bottom=&#8221;4px&#8221; border_color_bottom=&#8221;#62acac&#8221; box_shadow_style=&#8221;preset2&#8243; box_shadow_horizontal=&#8221;5px&#8221; box_shadow_vertical=&#8221;5px&#8221; box_shadow_blur=&#8221;16px&#8221; global_colors_info=&#8221;{}&#8221;][et_pb_column type=&#8221;1_2&#8243; _builder_version=&#8221;4.19.5&#8243; _module_preset=&#8221;default&#8221; global_colors_info=&#8221;{}&#8221;][et_pb_text admin_label=&#8221;EMPADRONARSE&#8221; _builder_version=&#8221;4.27.4&#8243; _module_preset=&#8221;default&#8221; header_3_text_color=&#8221;#62acac&#8221; header_3_font_size=&#8221;24px&#8221; header_3_line_height=&#8221;1.1em&#8221; global_colors_info=&#8221;{}&#8221;]<\/p>\n<h3>WHY DO I NEED TO REGISTER AND WHERE DO I HAVE TO GO?<\/h3>\n<p><\/p>\n<p>The resident registry procedure certifies the resident status in the city of Barcelona. It is required to access public healthcare services or basic schooling for children, for example, and is a requirement for most procedures related to the Immigration Law. People who come to live in Barcelona from another municipality or abroad must register <a href=\"https:\/\/seuelectronica.ajuntament.barcelona.cat\/oficinavirtual\/es\/tramit\/20200001402\">online<\/a>, at a Citizen Help and Information Office (OAC) with an <a href=\"https:\/\/seuelectronica.ajuntament.barcelona.cat\/oficinavirtual\/es\/tramit\/20230001668\">appointment<\/a> or by calling 010 or 931 537 010 (calls from outside the metropolitan area).<\/p>\n<p>[\/et_pb_text][et_pb_toggle title=&#8221;CITIZEN HELP AND INFORMATION OFFICES&#8221; open_toggle_text_color=&#8221;#0A0A0A&#8221; open_toggle_background_color=&#8221;#f4f9f9&#8243; closed_toggle_background_color=&#8221;#e5eaea&#8221; icon_color=&#8221;#0A0A0A&#8221; use_icon_font_size=&#8221;on&#8221; icon_font_size=&#8221;18px&#8221; open_icon_color=&#8221;#009EE0&#8243; open_use_icon_font_size=&#8221;on&#8221; open_icon_font_size=&#8221;18px&#8221; _builder_version=&#8221;4.27.4&#8243; _module_preset=&#8221;default&#8221; overflow-y=&#8221;auto&#8221; border_width_all=&#8221;0px&#8221; global_colors_info=&#8221;{}&#8221;]<\/p>\n<p><strong>Oficina d\u2019Atenci\u00f3 Ciutadana de la Pla\u00e7a Sant Miquel:<\/strong><br \/> \u2013 Pl. Sant Miquel, 3 Ciutat Vella<\/p>\n<p><\/p>\n<p> <strong>Oficina d\u2019Atenci\u00f3 Ciutadana de Zona Nord:<\/strong><br \/> \u2013 Av. Escolapi C\u00e0ncer, 5-7 Nou Barris<\/p>\n<p><\/p>\n<p> <strong>Oficina d\u2019Atenci\u00f3 Ciutadana del Districte de Ciutat Vella:<\/strong><br \/>\u2013 C\/ Ramelleres, 17 Ciutat Vella<\/p>\n<p><\/p>\n<p> <strong>Oficina d\u2019Atenci\u00f3 Ciutadana del Districte de Gr\u00e0cia:<\/strong><br \/> \u2013 Pl. Vila de Gr\u00e0cia, 2 Gr\u00e0cia<\/p>\n<p><\/p>\n<p> <strong>Oficina d\u2019Atenci\u00f3 Ciutadana del Districte de l\u2019Eixample:<\/strong> <br \/>\u2013 C\/ Arag\u00f3, 328 Eixample<\/p>\n<p><\/p>\n<p> <strong>Oficina d\u2019Atenci\u00f3 Ciutadana del Districte de les Corts:<\/strong><br \/> \u2013 Pl. Comas, 18 Les Corts<\/p>\n<p><\/p>\n<p> <strong>Oficina d\u2019Atenci\u00f3 Ciutadana del Districte de Nou Barris:<\/strong><br \/> \u2013 Pl. Major de Nou Barris, 1 Nou Barris<\/p>\n<p><\/p>\n<p><strong>Oficina d\u2019Atenci\u00f3 Ciutadana del Districte de Sant Andreu:<\/strong><br \/> \u2013 C\/ Segre, 24-32 Sant Andreu <\/p>\n<p><\/p>\n<p><strong>Oficina d\u2019Atenci\u00f3 Ciutadana del Districte de Sant Mart\u00ed:<\/strong><br \/> \u2013 Pl. Valent\u00ed Almirall, 1 Sant Mart\u00ed<\/p>\n<p><\/p>\n<p> <strong>Oficina d\u2019Atenci\u00f3 Ciutadana del Districte de Sants-Montju\u00efc:<\/strong><br \/> \u2013 C\/ Creu Coberta, 104 Sants-Montju\u00efc<\/p>\n<p><\/p>\n<p> <strong>Oficina d\u2019Atenci\u00f3 Ciutadana del Districte de Sarri\u00e0-Sant Gervasi:<\/strong> <br \/>\u2013 C\/ Angl\u00ed, 31 Sarri\u00e0-Sant Gervasi <\/p>\n<p><\/p>\n<p><strong>Oficina d\u2019Atenci\u00f3 Ciutadana del Districte d\u2019Horta-Guinard\u00f3:<\/strong> <br \/>\u2013 C\/ Lepant, 387 Horta-Guinard\u00f3<\/p>\n<p><\/p>\n<p> <strong>Oficina d\u2019Atenci\u00f3 Ciutadana Monumental<\/strong><br \/> \u2013 C\/ Sic\u00edlia, 216-218 Eixample<\/p>\n<p>[\/et_pb_toggle][\/et_pb_column][et_pb_column type=&#8221;1_2&#8243; _builder_version=&#8221;4.19.5&#8243; _module_preset=&#8221;default&#8221; global_colors_info=&#8221;{}&#8221;][et_pb_image src=&#8221;https:\/\/bcu.cat\/wp-content\/uploads\/2023\/02\/ma-obrint-porta-padro.jpg&#8221; title_text=&#8221;ma-obrint-porta-padro&#8221; force_fullwidth=&#8221;on&#8221; admin_label=&#8221;MANS CLAUS&#8221; _builder_version=&#8221;4.27.4&#8243; _module_preset=&#8221;default&#8221; global_colors_info=&#8221;{}&#8221;][\/et_pb_image][\/et_pb_column][\/et_pb_row][\/et_pb_section][et_pb_section fb_built=&#8221;1&#8243; make_equal=&#8221;on&#8221; use_custom_gutter=&#8221;on&#8221; gutter_width=&#8221;2&#8243; specialty=&#8221;on&#8221; module_id=&#8221;Movilidad&#8221; _builder_version=&#8221;4.27.4&#8243; _module_preset=&#8221;default&#8221; background_color=&#8221;rgba(98,172,172,0.27)&#8221; background_image=&#8221;https:\/\/bcu.cat\/wp-content\/uploads\/2022\/10\/high-school_22.png&#8221; background_size=&#8221;initial&#8221; background_position=&#8221;top_left&#8221; background_repeat=&#8221;repeat-x&#8221; custom_padding=&#8221;41px||3px|||&#8221; global_colors_info=&#8221;{}&#8221;][et_pb_column type=&#8221;1_2&#8243; specialty_columns=&#8221;2&#8243; _builder_version=&#8221;4.16&#8243; custom_padding=&#8221;|||&#8221; global_colors_info=&#8221;{}&#8221; custom_padding__hover=&#8221;|||&#8221;][et_pb_row_inner _builder_version=&#8221;4.19.5&#8243; _module_preset=&#8221;default&#8221; background_color=&#8221;RGBA(255,255,255,0)&#8221; custom_padding=&#8221;4px||4px||true|&#8221; global_colors_info=&#8221;{}&#8221;][et_pb_column_inner saved_specialty_column_type=&#8221;1_2&#8243; _builder_version=&#8221;4.19.5&#8243; _module_preset=&#8221;default&#8221; global_colors_info=&#8221;{}&#8221;][et_pb_text admin_label=&#8221;MOVILIDAD&#8221; _builder_version=&#8221;4.27.4&#8243; _module_preset=&#8221;default&#8221; header_text_color=&#8221;#FFFFFF&#8221; background_color=&#8221;#62ACAC&#8221; custom_margin=&#8221;0px||0px||false|false&#8221; custom_padding=&#8221;11px|||16px|false|false&#8221; global_colors_info=&#8221;{}&#8221;]<\/p>\n<h1>MOBILITY<\/h1>\n<p>[\/et_pb_text][\/et_pb_column_inner][\/et_pb_row_inner][et_pb_row_inner _builder_version=&#8221;4.19.5&#8243; _module_preset=&#8221;default&#8221; custom_padding=&#8221;11px||6px|||&#8221; global_colors_info=&#8221;{}&#8221;][et_pb_column_inner saved_specialty_column_type=&#8221;1_2&#8243; _builder_version=&#8221;4.19.5&#8243; _module_preset=&#8221;default&#8221; global_colors_info=&#8221;{}&#8221;][et_pb_text _builder_version=&#8221;4.27.4&#8243; _module_preset=&#8221;default&#8221; global_colors_info=&#8221;{}&#8221;]<\/p>\n<p>There are different forms of transport for getting around Barcelona city centre and the outskirts: metro, bus, train (Rodalies de Catalunya and Ferrocarrils de la Generalitat de Catalunya) and tram, as well as taxi. We recommend you have a look at the website of the \u00c0rea Metropolitana de Barcelona <a href=\"http:\/\/www.amb.cat\/s\/home.html\" target=\"_blank\" rel=\"noopener\">(AMB)<\/a>.<\/p>\n<p><\/p>\n<p>You can also get around Barcelona by bike on the extensive network of bike lanes. If you don&#8217;t have your own bike, you can sign up for the <a href=\"https:\/\/www.bicing.barcelona\/es\">Bicing<\/a> service.<\/p>\n<p>[\/et_pb_text][et_pb_text _builder_version=&#8221;4.19.5&#8243; _module_preset=&#8221;default&#8221; header_3_font_size=&#8221;18px&#8221; global_colors_info=&#8221;{}&#8221;]<\/p>\n<h3>WHICH CARD CAN YOU RECOMMEND ME TO TRAVEL BY PUBLIC TRANSPORT?<\/h3>\n<p><\/p>\n<p>Here you can check the integrated travel cards (for travelling by metro, bus, FGC, Tram and Rodalies de Catalunya):\u00a0<em><a title=\"Transports Metropolitans de Barcelona\" href=\"https:\/\/www.tmb.cat\/es\/tarifas-metro-bus-barcelona\" target=\"_blank\" rel=\"noopener\"><strong>tmb &gt;<\/strong><\/a><\/em><\/p>\n<p>[\/et_pb_text][\/et_pb_column_inner][\/et_pb_row_inner][et_pb_row_inner _builder_version=&#8221;4.20.2&#8243; _module_preset=&#8221;default&#8221; width=&#8221;100%&#8221; max_width=&#8221;800px&#8221; height=&#8221;330px&#8221; height_tablet=&#8221;700px&#8221; height_phone=&#8221;700px&#8221; height_last_edited=&#8221;on|phone&#8221; custom_margin=&#8221;-1px|||||&#8221; custom_padding=&#8221;40px||40px||true|&#8221; locked=&#8221;off&#8221; collapsed=&#8221;off&#8221; global_colors_info=&#8221;{}&#8221;][et_pb_column_inner saved_specialty_column_type=&#8221;1_2&#8243; module_class=&#8221;accordion&#8221; _builder_version=&#8221;4.19.5&#8243; _module_preset=&#8221;default&#8221; custom_css_main_element=&#8221;display:flex;||flex-direction: row;||align-items:center;||height: 100%;&#8221; global_colors_info=&#8221;{}&#8221; custom_css_main_element_last_edited=&#8221;on|desktop&#8221; custom_css_main_element_tablet=&#8221;display:flex;||flex-direction: column;||align-items:center;||height: 100%;&#8221; custom_css_main_element_phone=&#8221;display:flex;||flex-direction: column;||align-items:center;||height: 100%;&#8221;][et_pb_divider show_divider=&#8221;off&#8221; _builder_version=&#8221;4.20.2&#8243; _module_preset=&#8221;default&#8221; background_image=&#8221;https:\/\/bcu.cat\/wp-content\/uploads\/2023\/04\/Tram_Wellington_3.jpg&#8221; background_position=&#8221;bottom_center&#8221; width=&#8221;100%&#8221; min_height=&#8221;320px&#8221; min_height_tablet=&#8221;422px&#8221; min_height_phone=&#8221;309px&#8221; min_height_last_edited=&#8221;on|desktop&#8221; global_colors_info=&#8221;{}&#8221;][\/et_pb_divider][\/et_pb_column_inner][\/et_pb_row_inner][\/et_pb_column][et_pb_column type=&#8221;1_2&#8243; _builder_version=&#8221;4.16&#8243; custom_padding=&#8221;|||&#8221; global_colors_info=&#8221;{}&#8221; custom_padding__hover=&#8221;|||&#8221;][et_pb_blurb title=&#8221;T-Mobilitat&#8221; image=&#8221;https:\/\/bcu.cat\/wp-content\/uploads\/2024\/10\/tmobili24.png&#8221; image_icon_width=&#8221;82%&#8221; _builder_version=&#8221;4.27.0&#8243; _module_preset=&#8221;default&#8221; header_font_size=&#8221;24px&#8221; custom_margin=&#8221;-34px|||-104px|false|false&#8221; custom_margin_tablet=&#8221;-231px||||false|false&#8221; custom_margin_phone=&#8221;-346px|||-14px|false|false&#8221; custom_margin_last_edited=&#8221;on|desktop&#8221; global_colors_info=&#8221;{}&#8221;]<\/p>\n<p>Digital ticketing system with contactless technology that allows you to access any means of collective public transport of the 6 crowns of the Integrated Fare System. Cards are rechargeable and reusable, self-management is digital and online, and it offers enhancements in transport network information. You can charge the following travel passes: T-casual, T-usual, T-jove, T-usual FM\/FN, T-jove FM\/FN, T-70\/90 FM\/FN, T-familiar, T-16 and T-grup. T-mobilitat supports are: personalised rechargeable card, mobile (T-mobilitat app) and cardboard card. <br \/><a title=\"T-mobilitat\" href=\"https:\/\/t-mobilitat.atm.cat\/\" target=\"_blank\" rel=\"noopener\">t-mobilitat.atm.cat\u2192<\/a><\/p>\n<p>[\/et_pb_blurb][\/et_pb_column][\/et_pb_section][et_pb_section fb_built=&#8221;1&#8243; _builder_version=&#8221;4.20.0&#8243; _module_preset=&#8221;default&#8221; background_color=&#8221;rgba(98,172,172,0.27)&#8221; custom_padding=&#8221;2px||23px|||&#8221; global_colors_info=&#8221;{}&#8221;][et_pb_row column_structure=&#8221;2_5,3_5&#8243; use_custom_gutter=&#8221;on&#8221; gutter_width=&#8221;1&#8243; _builder_version=&#8221;4.20.0&#8243; _module_preset=&#8221;default&#8221; background_color=&#8221;#62ACAC&#8221; background_image=&#8221;https:\/\/bcu.cat\/wp-content\/uploads\/2022\/10\/high-school_17.png&#8221; background_size=&#8221;initial&#8221; background_position=&#8221;top_left&#8221; background_repeat=&#8221;repeat-y&#8221; custom_padding=&#8221;1px||1px||true|&#8221; global_colors_info=&#8221;{}&#8221;][et_pb_column type=&#8221;2_5&#8243; _builder_version=&#8221;4.20.0&#8243; _module_preset=&#8221;default&#8221; global_colors_info=&#8221;{}&#8221;][et_pb_text _builder_version=&#8221;4.21.0&#8243; _module_preset=&#8221;default&#8221; text_font=&#8221;|700|||||||&#8221; text_text_color=&#8221;#62ACAC&#8221; text_font_size=&#8221;34px&#8221; text_line_height=&#8221;1em&#8221; background_color=&#8221;#001e0e&#8221; custom_margin=&#8221;|||30px|false|false&#8221; custom_padding=&#8221;14px||14px|11px|true|false&#8221; text_font_size_tablet=&#8221;34px&#8221; text_font_size_phone=&#8221;34px&#8221; text_font_size_last_edited=&#8221;on|phone&#8221; global_colors_info=&#8221;{}&#8221;]<\/p>\n<p>LINKS OF INTEREST<\/p>\n<p>[\/et_pb_text][et_pb_button button_url=&#8221;https:\/\/www.tmb.cat\/documents\/20182\/96078\/Pl%C3%A0nol+xarxa+de+Metro\/f5578f40-5a66-46ba-907c-cf31e0d368c0&#8243; url_new_window=&#8221;on&#8221; button_text=&#8221;Subway map&#8221; admin_label=&#8221;Bot\u00f3n Ajuntament&#8221; _builder_version=&#8221;4.20.0&#8243; _module_preset=&#8221;a88e4503-106a-4da4-933b-093142544e10&#8243; custom_button=&#8221;on&#8221; button_text_size=&#8221;14px&#8221; button_text_color=&#8221;#0A0A0A&#8221; button_bg_color=&#8221;RGBA(255,255,255,0)&#8221; button_bg_image=&#8221;https:\/\/bcu.cat\/wp-content\/uploads\/2022\/10\/Higth-school-orange.png&#8221; button_bg_size=&#8221;initial&#8221; button_bg_position=&#8221;center_left&#8221; button_border_width=&#8221;0px&#8221; button_border_radius=&#8221;0px&#8221; button_font=&#8221;|700|||||||&#8221; button_icon=&#8221;&#x35;||divi||400&#8243; background_layout=&#8221;dark&#8221; custom_margin=&#8221;20px||0px||false|false&#8221; custom_padding=&#8221;0px|0px|0px|75px|false|false&#8221; global_colors_info=&#8221;{}&#8221; button_text_color__hover_enabled=&#8221;on|hover&#8221; button_text_color__hover=&#8221;#FFFFFF&#8221; button_bg_color__hover_enabled=&#8221;on|hover&#8221; button_bg_image__hover=&#8221;https:\/\/bcu.cat\/wp-content\/uploads\/2022\/10\/high-school_07.png&#8221; button_bg_enable_image__hover=&#8221;on&#8221; button_bg_blend__hover=&#8221;normal&#8221; button_bg_color__hover=&#8221;RGBA(255,255,255,0)&#8221;][\/et_pb_button][et_pb_button button_url=&#8221;https:\/\/www.tmb.cat\/documents\/20182\/96078\/Pl%C3%A0nol+xarxa+bus.pdf\/9b5bfa95-6117-4117-9843-fb3e3fde5447&#8243; url_new_window=&#8221;on&#8221; button_text=&#8221;Bus map&#8221; admin_label=&#8221;Bot\u00f3n Ajuntament&#8221; _builder_version=&#8221;4.20.0&#8243; _module_preset=&#8221;a88e4503-106a-4da4-933b-093142544e10&#8243; custom_button=&#8221;on&#8221; button_text_size=&#8221;14px&#8221; button_text_color=&#8221;#0A0A0A&#8221; button_bg_color=&#8221;RGBA(255,255,255,0)&#8221; button_bg_image=&#8221;https:\/\/bcu.cat\/wp-content\/uploads\/2022\/10\/Higth-school-orange.png&#8221; button_bg_size=&#8221;initial&#8221; button_bg_position=&#8221;center_left&#8221; button_border_width=&#8221;0px&#8221; button_border_radius=&#8221;0px&#8221; button_font=&#8221;|700|||||||&#8221; button_icon=&#8221;&#x35;||divi||400&#8243; background_layout=&#8221;dark&#8221; custom_margin=&#8221;20px||0px||false|false&#8221; custom_padding=&#8221;0px|0px|0px|75px|false|false&#8221; global_colors_info=&#8221;{}&#8221; button_text_color__hover_enabled=&#8221;on|hover&#8221; button_text_color__hover=&#8221;#FFFFFF&#8221; button_bg_color__hover_enabled=&#8221;on|hover&#8221; button_bg_image__hover=&#8221;https:\/\/bcu.cat\/wp-content\/uploads\/2022\/10\/high-school_07.png&#8221; button_bg_enable_image__hover=&#8221;on&#8221; button_bg_blend__hover=&#8221;normal&#8221; button_bg_color__hover=&#8221;RGBA(255,255,255,0)&#8221;][\/et_pb_button][et_pb_button button_url=&#8221;https:\/\/www.fgc.cat\/wp-content\/uploads\/2020\/03\/xarxa_2020_v2.jpg&#8221; url_new_window=&#8221;on&#8221; button_text=&#8221;FGC map&#8221; admin_label=&#8221;Bot\u00f3n Ajuntament&#8221; _builder_version=&#8221;4.20.0&#8243; _module_preset=&#8221;a88e4503-106a-4da4-933b-093142544e10&#8243; custom_button=&#8221;on&#8221; button_text_size=&#8221;14px&#8221; button_text_color=&#8221;#0A0A0A&#8221; button_bg_color=&#8221;RGBA(255,255,255,0)&#8221; button_bg_image=&#8221;https:\/\/bcu.cat\/wp-content\/uploads\/2022\/10\/Higth-school-orange.png&#8221; button_bg_size=&#8221;initial&#8221; button_bg_position=&#8221;center_left&#8221; button_border_width=&#8221;0px&#8221; button_border_radius=&#8221;0px&#8221; button_font=&#8221;|700|||||||&#8221; button_icon=&#8221;&#x35;||divi||400&#8243; background_layout=&#8221;dark&#8221; custom_margin=&#8221;20px||0px||false|false&#8221; custom_padding=&#8221;0px|0px|0px|75px|false|false&#8221; global_colors_info=&#8221;{}&#8221; button_text_color__hover_enabled=&#8221;on|hover&#8221; button_text_color__hover=&#8221;#FFFFFF&#8221; button_bg_color__hover_enabled=&#8221;on|hover&#8221; button_bg_image__hover=&#8221;https:\/\/bcu.cat\/wp-content\/uploads\/2022\/10\/high-school_07.png&#8221; button_bg_enable_image__hover=&#8221;on&#8221; button_bg_blend__hover=&#8221;normal&#8221; button_bg_color__hover=&#8221;RGBA(255,255,255,0)&#8221;][\/et_pb_button][et_pb_button button_url=&#8221;https:\/\/www.renfe.com\/es\/es\/cercanias\/rodalies-catalunya\/mapas&#8221; url_new_window=&#8221;on&#8221; button_text=&#8221;Rodalies de Catalunya map&#8221; admin_label=&#8221;Bot\u00f3n rodalies&#8221; _builder_version=&#8221;4.20.0&#8243; _module_preset=&#8221;a88e4503-106a-4da4-933b-093142544e10&#8243; custom_button=&#8221;on&#8221; button_text_size=&#8221;14px&#8221; button_text_color=&#8221;#0A0A0A&#8221; button_bg_color=&#8221;RGBA(255,255,255,0)&#8221; button_bg_image=&#8221;https:\/\/bcu.cat\/wp-content\/uploads\/2022\/10\/Higth-school-orange.png&#8221; button_bg_size=&#8221;initial&#8221; button_bg_position=&#8221;center_left&#8221; button_border_width=&#8221;0px&#8221; button_border_radius=&#8221;0px&#8221; button_font=&#8221;|700|||||||&#8221; button_icon=&#8221;&#x35;||divi||400&#8243; background_layout=&#8221;dark&#8221; custom_margin=&#8221;20px||0px||false|false&#8221; custom_padding=&#8221;0px|0px|0px|75px|false|false&#8221; global_colors_info=&#8221;{}&#8221; button_text_color__hover_enabled=&#8221;on|hover&#8221; button_text_color__hover=&#8221;#FFFFFF&#8221; button_bg_color__hover_enabled=&#8221;on|hover&#8221; button_bg_image__hover=&#8221;https:\/\/bcu.cat\/wp-content\/uploads\/2022\/10\/high-school_07.png&#8221; button_bg_enable_image__hover=&#8221;on&#8221; button_bg_blend__hover=&#8221;normal&#8221; button_bg_color__hover=&#8221;RGBA(255,255,255,0)&#8221;][\/et_pb_button][\/et_pb_column][et_pb_column type=&#8221;3_5&#8243; _builder_version=&#8221;4.20.0&#8243; _module_preset=&#8221;default&#8221; global_colors_info=&#8221;{}&#8221;][et_pb_blurb _builder_version=&#8221;4.21.0&#8243; _module_preset=&#8221;default&#8221; background_image=&#8221;https:\/\/bcu.cat\/wp-content\/uploads\/2023\/02\/mapametrobcn-FONS.jpg&#8221; height=&#8221;266px&#8221; custom_margin_tablet=&#8221;18px||||false|false&#8221; custom_margin_phone=&#8221;18px||||false|false&#8221; custom_margin_last_edited=&#8221;on|desktop&#8221; global_colors_info=&#8221;{}&#8221;][\/et_pb_blurb][\/et_pb_column][\/et_pb_row][\/et_pb_section][et_pb_section fb_built=&#8221;1&#8243; module_id=&#8221;Seguridad&#8221; _builder_version=&#8221;4.27.4&#8243; _module_preset=&#8221;default&#8221; background_color=&#8221;rgba(181,12,0,0.17)&#8221; background_image=&#8221;https:\/\/bcu.cat\/wp-content\/uploads\/2022\/10\/high-school_17.png&#8221; background_size=&#8221;initial&#8221; background_position=&#8221;top_left&#8221; background_repeat=&#8221;repeat-x&#8221; background_enable_mask_style=&#8221;on&#8221; background_mask_style=&#8221;chevrons&#8221; background_mask_transform=&#8221;rotate_90_degree&#8221; background_mask_size=&#8221;cover&#8221; background_mask_position=&#8221;top_center&#8221; custom_padding=&#8221;44px||44px||true|false&#8221; global_colors_info=&#8221;{}&#8221;][et_pb_row column_structure=&#8221;1_2,1_4,1_4&#8243; use_custom_gutter=&#8221;on&#8221; gutter_width=&#8221;1&#8243; _builder_version=&#8221;4.20.0&#8243; _module_preset=&#8221;default&#8221; custom_padding=&#8221;0px||6px|||&#8221; global_colors_info=&#8221;{}&#8221;][et_pb_column type=&#8221;1_2&#8243; _builder_version=&#8221;4.20.0&#8243; _module_preset=&#8221;default&#8221; global_colors_info=&#8221;{}&#8221;][et_pb_text _builder_version=&#8221;4.21.0&#8243; _module_preset=&#8221;default&#8221; header_2_font=&#8221;|700|||||||&#8221; header_2_text_align=&#8221;left&#8221; header_2_text_color=&#8221;#FFFFFF&#8221; header_2_font_size=&#8221;30px&#8221; background_color=&#8221;#db0000&#8243; custom_margin=&#8221;0px|64px||64px|false|true&#8221; custom_margin_tablet=&#8221;|32px||32px|false|true&#8221; custom_margin_phone=&#8221;|0px||0px|false|true&#8221; custom_margin_last_edited=&#8221;on|phone&#8221; custom_padding=&#8221;15px|||17px|false|false&#8221; header_2_font_tablet=&#8221;|700|||||||&#8221; header_2_font_phone=&#8221;|700|||||||&#8221; header_2_font_last_edited=&#8221;on|desktop&#8221; header_2_text_align_tablet=&#8221;left&#8221; header_2_text_align_phone=&#8221;left&#8221; header_2_text_align_last_edited=&#8221;on|phone&#8221; locked=&#8221;off&#8221; global_colors_info=&#8221;{}&#8221;]<\/p>\n<h2>SECURITY<\/h2>\n<p>[\/et_pb_text][et_pb_blurb image=&#8221;https:\/\/bcu.cat\/wp-content\/uploads\/2023\/05\/PARELLA_MOSSOS.jpg&#8221; _builder_version=&#8221;4.21.0&#8243; _module_preset=&#8221;default&#8221; image_icon_custom_margin=&#8221;8px||||false|false&#8221; global_colors_info=&#8221;{}&#8221;]<\/p>\n<p>Catalonia is a European country that has achieved high levels of peaceful coexistence, constituting itself as a safe society where all citizens can fully enjoy the free exercise of their rights.<br \/>Ensuring a welcoming and peaceful society is a shared responsibility between institutions and citizens, that in a cooperative way, favors the configuration of a free and comfortable society for everyone.<br \/>Given that individual participation in the management of safety, we recommend that you follow the basic tips that are exposed here and which will provide the appropriate means and resources to give you solutions to problems that may arise over your visit to our country.<br \/>Moreover, before starting a journey, it is advisable to collect the information that may become relevant. So, it is desirable that you record addresses, phone numbers of institutions and services that in certain situations can be very helpful<\/p>\n<p>[\/et_pb_blurb][et_pb_button button_url=&#8221;@ET-DC@eyJkeW5hbWljIjp0cnVlLCJjb250ZW50IjoicG9zdF9saW5rX3VybF9wYWdlIiwic2V0dGluZ3MiOnsicG9zdF9pZCI6IjExNDU1MyJ9fQ==@&#8221; url_new_window=&#8221;on&#8221; button_text=&#8221;SECURITY ADVICE&#8221; admin_label=&#8221;Boton seguridad&#8221; _builder_version=&#8221;4.20.0&#8243; _dynamic_attributes=&#8221;button_url&#8221; _module_preset=&#8221;a88e4503-106a-4da4-933b-093142544e10&#8243; custom_button=&#8221;on&#8221; button_text_size=&#8221;14px&#8221; button_text_color=&#8221;#0A0A0A&#8221; button_bg_color=&#8221;RGBA(255,255,255,0)&#8221; button_bg_image=&#8221;https:\/\/bcu.cat\/wp-content\/uploads\/2023\/02\/fletxa-vermella-boto-bcu.png&#8221; button_bg_size=&#8221;initial&#8221; button_bg_position=&#8221;center_left&#8221; button_border_width=&#8221;0px&#8221; button_border_radius=&#8221;0px&#8221; button_font=&#8221;|700|||||||&#8221; button_icon=&#8221;&#x35;||divi||400&#8243; background_layout=&#8221;dark&#8221; custom_margin=&#8221;20px||0px|67px|false|false&#8221; custom_padding=&#8221;0px|0px|0px|75px|false|false&#8221; global_colors_info=&#8221;{}&#8221; button_text_color__hover_enabled=&#8221;on|hover&#8221; button_text_color__hover=&#8221;#b70c00&#8243; button_bg_color__hover_enabled=&#8221;on|hover&#8221; button_bg_image__hover=&#8221;https:\/\/bcu.cat\/wp-content\/uploads\/2022\/10\/high-school_07.png&#8221; button_bg_enable_image__hover=&#8221;on&#8221; button_bg_blend__hover=&#8221;normal&#8221; button_bg_color__hover=&#8221;RGBA(255,255,255,0)&#8221;][\/et_pb_button][\/et_pb_column][et_pb_column type=&#8221;1_4&#8243; _builder_version=&#8221;4.20.0&#8243; _module_preset=&#8221;default&#8221; global_colors_info=&#8221;{}&#8221;][et_pb_blurb title=&#8221; Mossos d\u2019Esquadra&#8221; url_new_window=&#8221;on&#8221; image_icon_background_color=&#8221;RGBA(255,255,255,0)&#8221; image=&#8221;https:\/\/bcu.cat\/wp-content\/uploads\/2023\/05\/app_mossosH1-01.png&#8221; image_icon_width=&#8221;60%&#8221; icon_alignment=&#8221;left&#8221; _builder_version=&#8221;4.21.0&#8243; _module_preset=&#8221;default&#8221; header_font=&#8221;|700|||||||&#8221; header_text_color=&#8221;#cc0d00&#8243; header_font_size=&#8221;24px&#8221; background_color=&#8221;#FFFFFF&#8221; custom_margin=&#8221;0px|5%||5%|false|true&#8221; custom_padding=&#8221;18px|17px|18px|17px|true|true&#8221; header_font_size_tablet=&#8221;24px&#8221; header_font_size_phone=&#8221;24px&#8221; header_font_size_last_edited=&#8221;on|desktop&#8221; box_shadow_style=&#8221;preset4&#8243; box_shadow_horizontal=&#8221;6px&#8221; box_shadow_vertical=&#8221;6px&#8221; box_shadow_color=&#8221;#db0000&#8243; locked=&#8221;off&#8221; global_colors_info=&#8221;{}&#8221;]<\/p>\n<p>The police proximity model proposes a virtual relationship system between the police and citizens with the creation of the new Mossos app, an application designed in Catalan, Spanish, Aranese and English.<\/p>\n<p><\/p>\n<p><a href=\"https:\/\/play.google.com\/store\/apps\/details?id=cat.gencat.mobi.mossos\" target=\"_blank\" rel=\"noopener\">Android\u2192<\/a><a title=\"app mossos\">\u00a0 \u00a0 \u00a0 \u00a0 \u00a0 \u00a0<\/a><a href=\"https:\/\/apps.apple.com\/es\/app\/mossos-desquadra\/id1658486369\" target=\"_blank\" rel=\"noopener\">IOS \u2192\u00a0 <\/a><\/p>\n<p>[\/et_pb_blurb][et_pb_blurb title=&#8221;My112&#8243; image_icon_background_color=&#8221;RGBA(255,255,255,0)&#8221; image=&#8221;https:\/\/bcu.cat\/wp-content\/uploads\/2023\/02\/LOGO-122-APP.jpg&#8221; image_icon_width=&#8221;60%&#8221; icon_alignment=&#8221;left&#8221; _builder_version=&#8221;4.21.0&#8243; _module_preset=&#8221;default&#8221; header_font=&#8221;|700|||||||&#8221; header_text_color=&#8221;#cc0d00&#8243; header_font_size=&#8221;24px&#8221; background_color=&#8221;#FFFFFF&#8221; custom_margin=&#8221;0px|5%||5%|false|true&#8221; custom_margin_tablet=&#8221;0px|5%||5%|false|true&#8221; custom_margin_phone=&#8221;0px|5%||5%|false|true&#8221; custom_margin_last_edited=&#8221;on|phone&#8221; custom_padding=&#8221;18px|17px|18px|17px|true|true&#8221; header_font_size_tablet=&#8221;24px&#8221; header_font_size_phone=&#8221;24px&#8221; header_font_size_last_edited=&#8221;on|desktop&#8221; box_shadow_style=&#8221;preset4&#8243; box_shadow_horizontal=&#8221;6px&#8221; box_shadow_vertical=&#8221;6px&#8221; box_shadow_color=&#8221;#db0000&#8243; locked=&#8221;off&#8221; global_colors_info=&#8221;{}&#8221;]<\/p>\n<p>Free My112 emergency app. Automatic sending of the location coordinates of the person calling the 112 phone to alert them of an emergency.<\/p>\n<p><\/p>\n<p><a title=\"Android\" href=\"https:\/\/play.google.com\/store\/apps\/details?id=com.telefonica.my112\" target=\"_blank\" rel=\"noopener\">Android\u00a0\u2192<\/a>\u00a0 \u00a0 \u00a0 \u00a0 \u00a0<a title=\"IOS\" href=\"https:\/\/itunes.apple.com\/es\/app\/my112\/id804779618?mt=8\" target=\"_blank\" rel=\"noopener\">IOS\u00a0\u2192<\/a><\/p>\n<p>[\/et_pb_blurb][\/et_pb_column][et_pb_column type=&#8221;1_4&#8243; _builder_version=&#8221;4.20.0&#8243; _module_preset=&#8221;default&#8221; global_colors_info=&#8221;{}&#8221;][et_pb_blurb title=&#8221;112 Accesible&#8221; image_icon_background_color=&#8221;RGBA(255,255,255,0)&#8221; image=&#8221;https:\/\/bcu.cat\/wp-content\/uploads\/2023\/02\/LOGO-122-GEST.png&#8221; image_icon_width=&#8221;60%&#8221; icon_alignment=&#8221;left&#8221; _builder_version=&#8221;4.21.0&#8243; _module_preset=&#8221;default&#8221; header_font=&#8221;|700|||||||&#8221; header_text_color=&#8221;#cc0d00&#8243; header_font_size=&#8221;24px&#8221; background_color=&#8221;#FFFFFF&#8221; custom_margin=&#8221;0px|5%||5%|false|true&#8221; custom_padding=&#8221;15px|17px|15px|17px|true|true&#8221; box_shadow_style=&#8221;preset4&#8243; box_shadow_horizontal=&#8221;6px&#8221; box_shadow_vertical=&#8221;6px&#8221; box_shadow_color=&#8221;#db0000&#8243; locked=&#8221;off&#8221; global_colors_info=&#8221;{}&#8221;]<\/p>\n<p>Free emergency application 112 Accessible. It allows communication with the 112 emergency telephone number through pictograms, videos in sign language in Catalan and Spanish, and a geolocation service. You can request this service at <a title=\"Federaci\u00f3 de Persones Sordes de Catalunya (FESOCA)\" href=\"http:\/\/www.fesoca.org\/cat\/contacte\/\" target=\"_blank\" rel=\"noopener\">Federaci\u00f3 de Persones Sordes de Catalunya (FESOCA)\u00a0\u2192<\/a>\u00a0 or <a title=\"Associaci\u00f3 Provincial de Laringectomitzats de Lleida\" href=\"https:\/\/www.facebook.com\/people\/Associaci%C3%B3-Provincial-De-Laringectomitzats-De-Lleida-Apl\/100068839195274\/?paipv=0&amp;eav=AfboHEfn57sqDsuuhPyxhFDoHUHzmbErqHP9jY9s3zc2QEYzUiiXt0RntmFVQWpO9Q4&amp;_rdr\" target=\"_blank\" rel=\"noopener\">Associaci\u00f3 Provincial de Laringectomitzats de Lleida\u00a0\u2192<\/a><\/p>\n<p><\/p>\n<p><a href=\"https:\/\/play.google.com\/store\/apps\/details?id=com.splashmobile.accesible\" target=\"_blank\" rel=\"noopener\">Android \u2192<\/a> \u00a0\u00a0 \u00a0\u00a0 <a href=\"https:\/\/itunes.apple.com\/es\/app\/112-accesible\/id1121581373?mt=8\" target=\"_blank\" rel=\"noopener\">IOS \u2192<\/a><\/p>\n<p>[\/et_pb_blurb][\/et_pb_column][\/et_pb_row][\/et_pb_section][et_pb_section fb_built=&#8221;1&#8243; module_id=&#8221;Useful Contacts&#8221; _builder_version=&#8221;4.27.4&#8243; _module_preset=&#8221;default&#8221; background_color=&#8221;rgba(98,172,172,0.33)&#8221; background_image=&#8221;https:\/\/bcu.cat\/wp-content\/uploads\/2022\/10\/high-school_22.png&#8221; background_size=&#8221;initial&#8221; background_position=&#8221;top_left&#8221; background_repeat=&#8221;repeat-x&#8221; custom_padding=&#8221;34px||34px||true|&#8221; global_colors_info=&#8221;{}&#8221;][et_pb_row column_structure=&#8221;1_3,1_3,1_3&#8243; use_custom_gutter=&#8221;on&#8221; gutter_width=&#8221;2&#8243; make_equal=&#8221;on&#8221; _builder_version=&#8221;4.19.5&#8243; _module_preset=&#8221;default&#8221; custom_padding=&#8221;4px|||||&#8221; global_colors_info=&#8221;{}&#8221;][et_pb_column type=&#8221;1_3&#8243; _builder_version=&#8221;4.19.5&#8243; _module_preset=&#8221;default&#8221; global_colors_info=&#8221;{}&#8221;][et_pb_blurb title=&#8221;LEARN SPANISH&#8221; use_icon=&#8221;on&#8221; font_icon=&#8221;&#xe086;||divi||400&#8243; icon_color=&#8221;#62ACAC&#8221; image_icon_background_color=&#8221;RGBA(255,255,255,0)&#8221; icon_placement=&#8221;left&#8221; image_icon_width=&#8221;51px&#8221; admin_label=&#8221;aprender castellano&#8221; _builder_version=&#8221;4.27.4&#8243; _module_preset=&#8221;default&#8221; header_text_color=&#8221;gcid-ac278b79-6023-4902-b4ae-010a33238a08&#8243; header_font_size=&#8221;24px&#8221; body_line_height=&#8221;1.5em&#8221; background_color=&#8221;#f9ffd8&#8243; image_icon_custom_margin=&#8221;0px||||false|false&#8221; max_height=&#8221;320px&#8221; overflow-y=&#8221;auto&#8221; custom_margin=&#8221;||0px||false|false&#8221; custom_padding=&#8221;15px|15px|15px|15px|true|true&#8221; border_width_bottom=&#8221;4px&#8221; border_color_bottom=&#8221;gcid-ac278b79-6023-4902-b4ae-010a33238a08&#8243; border_color_all_image=&#8221;#B1B3B4&#8243; box_shadow_style=&#8221;preset2&#8243; box_shadow_blur=&#8221;20px&#8221; box_shadow_spread=&#8221;-12px&#8221; global_colors_info=&#8221;{%22gcid-ac278b79-6023-4902-b4ae-010a33238a08%22:%91%22header_text_color%22,%22border_color_bottom%22,%22header_text_color%22,%22border_color_bottom%22%93}&#8221; image__hover_enabled=&#8221;on|hover&#8221; image__hover=&#8221;https:\/\/bcu.cat\/wp-content\/uploads\/2023\/02\/calculadora-viure-bcu-2.jpg&#8221;]<\/p>\n<p><strong>\u00a0UB:<\/strong><br \/><em><a title=\"Escola d'Idiomes Moderns - UB\" href=\"http:\/\/www.ub.edu\/aprenllengues\/es\" target=\"_blank\" rel=\"noopener\">aprenllengues \u2192<\/a><\/em><\/p>\n<p><\/p>\n<p><strong>UAB Idiomas Barcelona:<\/strong><br \/><em><a title=\"Servei de Lleng\u00fces - UAB Idiomes\" href=\"https:\/\/www.uab.cat\/web\/uab-idiomas-barcelona\/cursos\/espanol-1345813297622.html\" target=\"_blank\" rel=\"noopener\">uab.cat \u2192<\/a><\/em><\/p>\n<p><\/p>\n<p><strong>UAB Idiomas Campus:<\/strong><br \/><em><a title=\"UAB\" href=\"https:\/\/www.uab.cat\/web\/uab-idiomas-campus\/cursos\/espanol-1345819250535.html\" target=\"_blank\" rel=\"noopener\">uab-i-campus \u2192<\/a><\/em><\/p>\n<p><\/p>\n<p><strong>UPC: :<\/strong><br \/><em><a title=\"UPC - Idiomes\" href=\"https:\/\/www.upc.edu\/slt\/es\/aprende-espanol\" target=\"_blank\" rel=\"noopener\">upc.edu \u2192<\/a><\/em><\/p>\n<p><\/p>\n<p><strong>Idiomes UPF:<\/strong><br \/><a style=\"font-size: 14px;\" title=\"upf.edu\u2192\" href=\"https:\/\/www.upf.edu\/web\/idiomesupf\/espanyol\">upf.edu<\/a><em style=\"font-size: 14px;\"><a title=\"UPC - Idiomes\" href=\"https:\/\/www.upc.edu\/slt\/es\/aprende-espanol\" target=\"_blank\" rel=\"noopener\">\u2192<\/a><\/em><\/p>\n<p><\/p>\n<p><strong>URL:<\/strong><br \/><a href=\"https:\/\/www.url.edu\/es\/servicios\/servicios-linguisticos\/aulas-de-autoaprendizaje-blanquerna\">url.edu\u2192<\/a><\/p>\n<p><\/p>\n<p><strong>UOC:<\/strong><br \/><a href=\"https:\/\/www.uoc.edu\/es\/estudios\/cursos-idiomas\/curso-idioma-espanol-online\">UOC\u2192<\/a><\/p>\n<p><\/p>\n<p><strong>UVic-UCC:<\/strong><br \/><a href=\"https:\/\/www.uvic.cat\/en\/international\/exchange-students-UVic_languages\">UVic-UCC.edu\u2192<\/a><\/p>\n<p><\/p>\n<p><strong>UIC:<\/strong><br \/><a href=\"https:\/\/www.uic.es\/es\/institute-multilingualism\/formacion-y-servicios\/cursos\/cursos-de-espanol\">UIC.edu\u2192<\/a><\/p>\n<p><\/p>\n<p><strong>CEU UAO:<br \/><\/strong><a href=\"https:\/\/www.uaoceu.es\/lenguas\">uaoceu.es\/lenguas\u2192<\/a><\/p>\n<p><\/p>\n<p><strong>Instituto Cervantes:<\/strong><br \/><a style=\"font-size: 14px;\" href=\"https:\/\/www.cervantes.es\/lengua_y_ensenanza\/aprender_espanol\/cursos_espanol_mundo.htm\">cervantes\u2192<\/a><\/p>\n<p>[\/et_pb_blurb][\/et_pb_column][et_pb_column type=&#8221;1_3&#8243; _builder_version=&#8221;4.19.5&#8243; _module_preset=&#8221;default&#8221; global_colors_info=&#8221;{}&#8221;][et_pb_blurb title=&#8221;LEARN CATALAN&#8221; use_icon=&#8221;on&#8221; font_icon=&#8221;&#xf212;||fa||400&#8243; icon_color=&#8221;#62ACAC&#8221; image_icon_background_color=&#8221;RGBA(255,255,255,0)&#8221; icon_placement=&#8221;left&#8221; image_icon_width=&#8221;51px&#8221; admin_label=&#8221;Aprender catalan&#8221; _builder_version=&#8221;4.27.4&#8243; _module_preset=&#8221;default&#8221; header_text_color=&#8221;gcid-ac278b79-6023-4902-b4ae-010a33238a08&#8243; header_font_size=&#8221;24px&#8221; body_line_height=&#8221;1.5em&#8221; background_color=&#8221;#e6ffdb&#8221; image_icon_custom_margin=&#8221;0px||||false|false&#8221; max_height=&#8221;320px&#8221; overflow-x=&#8221;auto&#8221; overflow-y=&#8221;auto&#8221; custom_margin=&#8221;||0px||false|false&#8221; custom_padding=&#8221;15px|15px|15px|15px|true|true&#8221; border_width_bottom=&#8221;4px&#8221; border_color_bottom=&#8221;gcid-ac278b79-6023-4902-b4ae-010a33238a08&#8243; border_color_all_image=&#8221;#B1B3B4&#8243; box_shadow_style=&#8221;preset2&#8243; box_shadow_blur=&#8221;20px&#8221; box_shadow_spread=&#8221;-12px&#8221; global_colors_info=&#8221;{%22gcid-ac278b79-6023-4902-b4ae-010a33238a08%22:%91%22header_text_color%22,%22border_color_bottom%22%93}&#8221; image__hover_enabled=&#8221;on|hover&#8221; image__hover=&#8221;https:\/\/bcu.cat\/wp-content\/uploads\/2023\/02\/calculadora-viure-bcu-2.jpg&#8221;]<\/p>\n<p>UB:<br \/><a href=\"http:\/\/www.ub.edu\/aprenllengues\/es\">aprenllengues\u2192<\/a><\/p>\n<p><\/p>\n<p>UAB Idiomas Barcelona:<br \/><a title=\"uab.cat\" href=\"https:\/\/www.uab.cat\/web\/uab-idiomas-barcelona\/cursos\/catalan-para-extranjeros-1345813297617.html\">uab.cat\u2192<\/a><\/p>\n<p><\/p>\n<p>UAB Idiomas Campus:<br \/><a href=\"https:\/\/www.uab.cat\/web\/uab-idiomas-campus\/cursos\/catalan-1345819250468.html?param1=1195026073065\" target=\"_blank\" rel=\"noopener\">UAB Idiomas Campus\u2192<\/a><\/p>\n<p><\/p>\n<p>UPC:<br \/><a href=\"https:\/\/www.upc.edu\/slt\/es\/aprende-catalan\/oferta-cursos\/cursos?set_language=es\" target=\"_blank\" rel=\"noopener\">UPC\u2192<\/a><\/p>\n<p><\/p>\n<p>Idiomes UPF:<br \/><a href=\"https:\/\/www.upf.edu\/web\/idiomesupf\/catalan\" target=\"_blank\" rel=\"noopener\">IDIOMES UPF\u2192<\/a><\/p>\n<p><\/p>\n<p>URL:<br \/><a href=\"https:\/\/www.url.edu\/es\/servicios\/servicios-linguisticos\" target=\"_blank\" rel=\"noopener\">URL\u2192<\/a><\/p>\n<p><\/p>\n<p>UOC:<br \/><a href=\"https:\/\/www.uoc.edu\/es\/estudios\/cursos-idiomas\/curso-idioma-catalan-online \" target=\"_blank\" rel=\"noopener\">UOC\u2192<\/a><\/p>\n<p><\/p>\n<p>UVic-UCC:<br \/><a href=\"https:\/\/www.uvic.cat\/en\/international\/exchange-students-UVic_languages\" target=\"_blank\" rel=\"noopener\">UVic-languages\u2192<\/a><\/p>\n<p><\/p>\n<p>UIC:<br \/><a href=\"https:\/\/www.uic.es\/es\/institute-multilingualism\/formacion-y-servicios\/cursos\/cursos-de-catalan\" target=\"_blank\" rel=\"noopener\">UIC-institute-multilingualism\u2192<\/a><\/p>\n<p><\/p>\n<p>CEU UAO:<br \/><a href=\"https:\/\/www.uaoceu.es\/lenguas\" target=\"_blank\" rel=\"noopener\">uaoceu-Lenguas\u2192<\/a><\/p>\n<p><\/p>\n<p>Consorci per a la Normalitzaci\u00f3 Ling\u00fc\u00edstica:<br \/><a href=\"https:\/\/www.cpnl.cat\/es\/cursos-de-catala\/\" target=\"_blank\" rel=\"noopener\">Cursos-de-catala\u2192<\/a><\/p>\n<p><\/p>\n<p>Parla.cat:<br \/><a href=\"https:\/\/www.parla.cat\/pres_catalaenlinia\/AppPHP\/login\/index.php?lang=es\" target=\"_blank\" rel=\"noopener\">parla.cat\u2192<\/a><\/p>\n<p><\/p>\n<p>Intercat.cat:<br \/><a href=\"https:\/\/www.intercat.cat\/es\" target=\"_blank\" rel=\"noopener\">intercat.cat\u2192<\/a><\/p>\n<p><\/p>\n<p>Institut Ramon Llull:<br \/><a href=\"https:\/\/www.llull.cat\/espanyol\/aprendre_catala\/mapa_llengua.cfm\" target=\"_blank\" rel=\"noopener\">llull\u2192<\/a><\/p>\n<p>[\/et_pb_blurb][\/et_pb_column][et_pb_column type=&#8221;1_3&#8243; _builder_version=&#8221;4.20.2&#8243; _module_preset=&#8221;default&#8221; global_colors_info=&#8221;{}&#8221;][et_pb_blurb title=&#8221;CONTACTS OF INTEREST&#8221; use_icon=&#8221;on&#8221; font_icon=&#8221;&#xe062;||divi||400&#8243; icon_color=&#8221;#62ACAC&#8221; image_icon_background_color=&#8221;RGBA(255,255,255,0)&#8221; icon_placement=&#8221;left&#8221; image_icon_width=&#8221;51px&#8221; admin_label=&#8221;contactos&#8221; _builder_version=&#8221;4.27.4&#8243; _module_preset=&#8221;default&#8221; header_text_color=&#8221;gcid-ac278b79-6023-4902-b4ae-010a33238a08&#8243; header_font_size=&#8221;24px&#8221; background_color=&#8221;#e3f4f9&#8243; image_icon_custom_margin=&#8221;0px||||false|false&#8221; custom_margin=&#8221;||0px||false|false&#8221; custom_padding=&#8221;15px|15px|15px|15px|true|true&#8221; border_width_bottom=&#8221;4px&#8221; border_color_bottom=&#8221;gcid-ac278b79-6023-4902-b4ae-010a33238a08&#8243; border_color_all_image=&#8221;#B1B3B4&#8243; box_shadow_style=&#8221;preset2&#8243; box_shadow_blur=&#8221;20px&#8221; box_shadow_spread=&#8221;-12px&#8221; locked=&#8221;off&#8221; global_colors_info=&#8221;{%22gcid-ac278b79-6023-4902-b4ae-010a33238a08%22:%91%22header_text_color%22,%22border_color_bottom%22%93}&#8221; image__hover_enabled=&#8221;on|hover&#8221; image__hover=&#8221;https:\/\/bcu.cat\/wp-content\/uploads\/2023\/02\/calculadora-viure-bcu-2.jpg&#8221;]<\/p>\n<p><strong>Emergencies:\u00a0<\/strong>112 <br \/><strong>Salut respon:\u00a0<\/strong>061<br \/><strong>Municipal information:\u00a0<\/strong>010 <br \/><strong>Courts on duty: <\/strong>935 548 650<\/p>\n<p><\/p>\n<h4>ADMINISTRATIVE PROCEDURES<\/h4>\n<p><\/p>\n<p><em><a title=\"Generalitat de Catalunya\" href=\"https:\/\/recercaiuniversitats.gencat.cat\/ca\/02_tramits\/index.html#googtrans(ca|en)\" target=\"_blank\" rel=\"noopener\">Catalan Goverment \u2192<\/a><\/em><br \/><em><a title=\"Ayuntamiento de Barcelona\" href=\"https:\/\/seuelectronica.ajuntament.barcelona.cat\/es\" target=\"_blank\" rel=\"noopener\">Barcelona City Council \u2192<\/a><\/em><br \/><em><a title=\"Consulados\" href=\"https:\/\/web.gencat.cat\/ca\/adreces-i-telefons\/detall\/?llistat=false&amp;Ambit=&amp;classificador=200017&amp;parametre=codi&amp;codiOrganisme=&amp;accio=consultar&amp;Query=&amp;xml=true&amp;jq=200017&amp;pares=true&amp;link=&amp;titol=true&amp;nivell=15&amp;codi=2000805\" target=\"_blank\" rel=\"noopener\">Consulates in Barcelona \u2192<\/a><\/em><br \/><em><a title=\"Personal investigador o estudiantes\" href=\"https:\/\/agaur.gencat.cat\/en\/internacional\/suport-a-linvestigador\/index.html\" target=\"_blank\" rel=\"noopener\">Research staff or students \u2192<\/a><\/em><\/p>\n<p>[\/et_pb_blurb][\/et_pb_column][\/et_pb_row][et_pb_row column_structure=&#8221;1_3,1_3,1_3&#8243; use_custom_gutter=&#8221;on&#8221; gutter_width=&#8221;2&#8243; make_equal=&#8221;on&#8221; _builder_version=&#8221;4.19.5&#8243; _module_preset=&#8221;default&#8221; custom_padding=&#8221;4px|||||&#8221; global_colors_info=&#8221;{}&#8221;][et_pb_column type=&#8221;1_3&#8243; _builder_version=&#8221;4.19.5&#8243; _module_preset=&#8221;default&#8221; global_colors_info=&#8221;{}&#8221;][et_pb_blurb title=&#8221;PRACTICE SPORTS&#8221; use_icon=&#8221;on&#8221; font_icon=&#8221;&#xf70c;||fa||900&#8243; icon_color=&#8221;#62ACAC&#8221; image_icon_background_color=&#8221;RGBA(255,255,255,0)&#8221; icon_placement=&#8221;left&#8221; image_icon_width=&#8221;51px&#8221; admin_label=&#8221;deporte&#8221; _builder_version=&#8221;4.27.4&#8243; _module_preset=&#8221;default&#8221; header_text_color=&#8221;gcid-ac278b79-6023-4902-b4ae-010a33238a08&#8243; header_font_size=&#8221;24px&#8221; background_color=&#8221;#d8ffe7&#8243; image_icon_custom_margin=&#8221;0px||||false|false&#8221; max_height=&#8221;320px&#8221; overflow-y=&#8221;auto&#8221; custom_margin=&#8221;||0px||false|false&#8221; custom_padding=&#8221;15px|15px|15px|15px|true|true&#8221; border_width_bottom=&#8221;4px&#8221; border_color_bottom=&#8221;gcid-ac278b79-6023-4902-b4ae-010a33238a08&#8243; border_color_all_image=&#8221;#B1B3B4&#8243; box_shadow_style=&#8221;preset2&#8243; box_shadow_blur=&#8221;20px&#8221; box_shadow_spread=&#8221;-12px&#8221; global_colors_info=&#8221;{%22gcid-ac278b79-6023-4902-b4ae-010a33238a08%22:%91%22header_text_color%22,%22border_color_bottom%22%93}&#8221; image__hover_enabled=&#8221;on|hover&#8221; image__hover=&#8221;https:\/\/bcu.cat\/wp-content\/uploads\/2023\/02\/calculadora-viure-bcu-2.jpg&#8221;]<\/p>\n<p><span style=\"color: #006600;\"><strong>Esports UB: <br \/><\/strong><\/span> <em><a title=\"Esports UB\" href=\"http:\/\/www.ub.edu\/esports\/\" target=\"_blank\" rel=\"noopener\">ub.edu \u2192<\/a><\/em><br \/><span style=\"color: #006600;\"><strong>SAF UAB: <br \/><\/strong><\/span> <em><a title=\"SAF UAB\" href=\"https:\/\/www.uab.cat\/web\/servicio-de-actividad-fisica-saf-1345865121678.html\" target=\"_blank\" rel=\"noopener\">uab.cat \u2192<\/a><\/em><br \/><span style=\"color: #006600;\"><strong>UPCesports: <br \/><\/strong><\/span> <em><a title=\"UPCesports\" href=\"http:\/\/www.upc.edu\/esports\" target=\"_blank\" rel=\"noopener\">upc.edu \u2192<\/a><\/em><br \/><span style=\"color: #006600;\"><strong>E! Esports UPF: <br \/><\/strong><\/span> <em><a title=\"E! Esports UPF\" href=\"https:\/\/www.upf.edu\/web\/esports\/inici\" target=\"_blank\" rel=\"noopener\">upf.edu \u2192<\/a><\/em><br \/><span style=\"color: #006600;\"><strong>Esports URL: <br \/><\/strong><\/span> <em><a title=\"Esports URL\" href=\"https:\/\/www.url.edu\/es\/servicios\/servicio-de-deportes\" target=\"_blank\" rel=\"noopener\">url.edu \u2192<\/a><\/em><br \/><span style=\"color: #006600;\"><strong>Servei d\u2019Esports UVic-UCC:<br \/><\/strong><\/span> <em><a title=\"Servei d\u2019Esports UVic-UCC\" href=\"https:\/\/www.uvic.cat\/es\/deportes\" target=\"_blank\" rel=\"noopener\">uvic.es \u2192<\/a><\/em><br \/><span style=\"color: #006600;\"><strong>Servei d\u2019Esports UIC:<br \/><\/strong><\/span> <em><a title=\"Servei d\u2019Esports UIC\" href=\"http:\/\/www.uic.es\/es\/deportes\" target=\"_blank\" rel=\"noopener\">uic.es \u2192<\/a><\/em><br \/><span style=\"color: #006600;\"><strong>Servei d\u2019Esports UAO CEU:<br \/><\/strong><\/span> <em><a title=\"Servei d\u2019Esports CEU UAO\" href=\"https:\/\/www.uaoceu.es\/deportes\" target=\"_blank\" rel=\"noopener\">uaoceu.es \u2192<\/a><\/em><br \/><span style=\"color: #006600;\"><strong>Centros deportivos municipales de Barcelona:<br \/><\/strong><\/span> <em><a title=\"Centros deportivos municipales\" href=\"https:\/\/ajuntament.barcelona.cat\/esports\/sites\/default\/files\/2021-12\/Llibret%20centres_web_des2021.pdf\" target=\"_blank\" rel=\"noopener\">guia.bcn.cat \u2192<\/a><\/em><\/p>\n<p>[\/et_pb_blurb][\/et_pb_column][et_pb_column type=&#8221;1_3&#8243; _builder_version=&#8221;4.19.5&#8243; _module_preset=&#8221;default&#8221; global_colors_info=&#8221;{}&#8221;][et_pb_blurb title=&#8221;MOBILE TELEPHONE AND INTERNET&#8221; use_icon=&#8221;on&#8221; font_icon=&#8221;&#xe0cc;||divi||400&#8243; icon_color=&#8221;#62ACAC&#8221; image_icon_background_color=&#8221;RGBA(255,255,255,0)&#8221; icon_placement=&#8221;left&#8221; image_icon_width=&#8221;51px&#8221; admin_label=&#8221;telefonia&#8221; _builder_version=&#8221;4.27.4&#8243; _module_preset=&#8221;default&#8221; header_text_color=&#8221;gcid-ac278b79-6023-4902-b4ae-010a33238a08&#8243; header_font_size=&#8221;24px&#8221; body_line_height=&#8221;2.1em&#8221; background_color=&#8221;#eff3f4&#8243; image_icon_custom_margin=&#8221;0px||||false|false&#8221; height=&#8221;320px&#8221; max_height=&#8221;320px&#8221; custom_margin=&#8221;||0px||false|false&#8221; custom_padding=&#8221;15px|15px|15px|15px|true|true&#8221; border_width_bottom=&#8221;4px&#8221; border_color_bottom=&#8221;gcid-ac278b79-6023-4902-b4ae-010a33238a08&#8243; border_color_all_image=&#8221;#B1B3B4&#8243; box_shadow_style=&#8221;preset2&#8243; box_shadow_blur=&#8221;20px&#8221; box_shadow_spread=&#8221;-12px&#8221; global_colors_info=&#8221;{%22gcid-ac278b79-6023-4902-b4ae-010a33238a08%22:%91%22header_text_color%22,%22border_color_bottom%22%93}&#8221; image__hover_enabled=&#8221;on|hover&#8221; image__hover=&#8221;https:\/\/bcu.cat\/wp-content\/uploads\/2023\/02\/calculadora-viure-bcu-2.jpg&#8221;]<\/p>\n<p><strong>Movistar:\u00a0<\/strong><em><a title=\"Movistar\" href=\"http:\/\/www.movistar.es\/\" target=\"_blank\" rel=\"noopener\">movistar.es \u2192<\/a><\/em><br \/><strong>Vodafone:\u00a0<\/strong><em><a title=\"Vodafone\" href=\"http:\/\/www.vodafone.es\/\" target=\"_blank\" rel=\"noopener\">vodafone.es \u2192<\/a><\/em><br \/><strong>Orange:\u00a0<\/strong><em><a title=\"Orange\" href=\"http:\/\/www.orange.es\/\" target=\"_blank\" rel=\"noopener\">orange.es \u2192<\/a><\/em><br \/><strong>Yoigo:\u00a0<\/strong><em><a title=\"Yoigo\" href=\"http:\/\/www.yoigo.com\/\" target=\"_blank\" rel=\"noopener\">yoigo.com \u2192<\/a><\/em><br \/><strong>Simyo:\u00a0<\/strong><em><a title=\"Simyo\" href=\"http:\/\/www.simyo.es\/\" target=\"_blank\" rel=\"noopener\">simyo.es \u2192<\/a><\/em><br \/><strong>Jazztel:\u00a0<\/strong><em><a title=\"Jazztel\" href=\"http:\/\/www.jazztel.com\/\" target=\"_blank\" rel=\"noopener\">jazztel.com \u2192<\/a><\/em><br \/><strong>Parlem:<\/strong>\u00a0<em><a title=\"PARLEM\" href=\"https:\/\/parlem.com\/\" target=\"_blank\" rel=\"noopener\">parlem.com \u2192<\/a><\/em><\/p>\n<p>[\/et_pb_blurb][\/et_pb_column][et_pb_column type=&#8221;1_3&#8243; _builder_version=&#8221;4.19.5&#8243; _module_preset=&#8221;default&#8221; global_colors_info=&#8221;{}&#8221;][et_pb_blurb title=&#8221;HOMOLOGATION AND EQUIVALENCE OF FOREIGN HIGHER EDUCATION DEGREES&#8221; use_icon=&#8221;on&#8221; font_icon=&#8221;&#xe052;||divi||400&#8243; icon_color=&#8221;#62ACAC&#8221; image_icon_background_color=&#8221;RGBA(255,255,255,0)&#8221; icon_placement=&#8221;left&#8221; image_icon_width=&#8221;51px&#8221; admin_label=&#8221;HOMOLOGACI\u00d3N&#8221; _builder_version=&#8221;4.27.4&#8243; _module_preset=&#8221;default&#8221; header_text_color=&#8221;gcid-ac278b79-6023-4902-b4ae-010a33238a08&#8243; header_font_size=&#8221;19px&#8221; header_line_height=&#8221;1.1em&#8221; body_line_height=&#8221;1.5em&#8221; background_color=&#8221;#ede4d7&#8243; image_icon_custom_margin=&#8221;0px||||false|false&#8221; width=&#8221;100%&#8221; max_height=&#8221;320px&#8221; overflow-x=&#8221;auto&#8221; overflow-y=&#8221;auto&#8221; custom_margin=&#8221;||0px||false|false&#8221; custom_padding=&#8221;15px|15px|15px|15px|true|true&#8221; border_width_bottom=&#8221;4px&#8221; border_color_bottom=&#8221;gcid-ac278b79-6023-4902-b4ae-010a33238a08&#8243; border_color_all_image=&#8221;#B1B3B4&#8243; box_shadow_style=&#8221;preset2&#8243; box_shadow_blur=&#8221;20px&#8221; box_shadow_spread=&#8221;-12px&#8221; global_colors_info=&#8221;{%22gcid-ac278b79-6023-4902-b4ae-010a33238a08%22:%91%22header_text_color%22,%22border_color_bottom%22%93}&#8221; image__hover_enabled=&#8221;on|hover&#8221; image__hover=&#8221;https:\/\/bcu.cat\/wp-content\/uploads\/2023\/02\/calculadora-viure-bcu-2.jpg&#8221;]<\/p>\n<p>Applications must be submitted online through the electronic headquarters of the Ministry of Science, Innovation and Universities.<\/p>\n<p><\/p>\n<h5><strong>Homologation<\/strong><\/h5>\n<p><\/p>\n<p>(it gives access to a regulated profession)<\/p>\n<p><\/p>\n<p><a href=\"https:\/\/universidades.sede.gob.es\/procedimientos\/portada\/ida\/3513\/idp\/1029\">Procedure <\/a><em><a title=\"PARLEM\" href=\"https:\/\/parlem.com\/\" target=\"_blank\" rel=\"noopener\">\u2192<\/a><\/em><\/p>\n<p><\/p>\n<p><a href=\"https:\/\/www.universidades.gob.es\/homologacion-de-titulos-extranjeros-de-educacion-superior-a-titulos-oficiales-espanoles-de-grado-o-master-que-den-acceso-a-profesion-regulada-en-espana-segun-rd-889-2022-de-18-de-octubre\/\">Further information <\/a><em><a title=\"PARLEM\" href=\"https:\/\/parlem.com\/\" target=\"_blank\" rel=\"noopener\">\u2192<\/a><\/em><\/p>\n<p><\/p>\n<h5><strong>Equivalence<\/strong><\/h5>\n<p><\/p>\n<p>(it recognises the degree at the academic level of official university Degree or Master\u2019s degree)<\/p>\n<p><\/p>\n<p><a href=\"https:\/\/universidades.sede.gob.es\/procedimientos\/portada\/ida\/3513\/idp\/1030\">Procedure <\/a><em><a title=\"PARLEM\" href=\"https:\/\/parlem.com\/\" target=\"_blank\" rel=\"noopener\">\u2192<\/a><\/em><\/p>\n<p><\/p>\n<p><a href=\"https:\/\/www.universidades.gob.es\/equivalencia-de-titulo-extranjero-de-educacion-superior-a-nivel-academico-de-grado-o-master-universitario-oficial-segun-rd-889-2022-de-18-de-octubre\/\">Further information <\/a><em><a title=\"PARLEM\" href=\"https:\/\/parlem.com\/\" target=\"_blank\" rel=\"noopener\">\u2192<\/a><\/em>\u00a0<\/p>\n<p>[\/et_pb_blurb][\/et_pb_column][\/et_pb_row][\/et_pb_section]<\/p>\n","protected":false},"excerpt":{"rendered":"<p>LIVING IN BARCELONA <div class=\"et_pb_with_border et_pb_module dica_divi_carousel dica_divi_carousel_0\">\n\t\t\t\t\n\t\t\t\t\n\t\t\t\t\n\t\t\t\t\n\t\t\t\t\n\t\t\t\t\n\t\t\t\t<div class=\"et_pb_module_inner\">\n\t\t\t\t\t<div class=\"dica-container  desktop_middle-inside tablet_middle-inside mobile_middle-inside\" data-props='{\"desktop\":\"4\",\"tablet\":\"3\",\"mobile\":\"1\",\"speed\":\"8000\",\"arrow\":\"off\",\"dots\":\"off\",\"autoplay\":\"on\",\"autoSpeed\":\"6000\",\"loop\":\"on\",\"item_spacing\":\"0\",\"center_mode\":\"off\",\"slider_effec\":\"1\",\"cover_rotate\":\"50\",\"pause_onhover\":\"on\",\"multislide\":\"off\",\"cfshadow\":\"on\",\"order\":\"0\",\"lazyload\":\"on\",\"lazybefore\":\"on\",\"scroller_effect\":\"off\",\"autowidth\":\"off\",\"item_spacing_tablet\":\"15\",\"item_spacing_phone\":\"15\",\"scroller_speed\":\"4000\",\"hashNavigation\":\"on\",\"simulatetouch\":\"off\",\"allowtouchmove\":\"off\",\"slide_row\":\"1\",\"slide_row_tablet\":\"1\",\"slide_row_phone\":\"1\",\"keyboard\":\"off\",\"mousewheel\":\"off\",\"autoplay_viewport\":\"80%\"}'>\n\t\t\t\t\t\t\t \t<div class=\"swiper-container\" >\n\t\t\t\t\t\t\t\t\t<div class=\"swiper-wrapper\"><\/div>\t\n\t\t\t\t\t\t\t\t<\/div>\t\n\t\t\t\t\t\t\t\t\n\t\t\t\t\t\t\t\t\t\t\t\t\t\t\n\t\t\t\t\t\t\t<\/div>\n\t\t\t\t<\/div>\n\t\t\t<\/div>SOUTH GATE OF EUROPE Barcelona is the administrative and cultural capital of Catalonia. The [&hellip;]<\/p>\n","protected":false},"author":3,"featured_media":0,"parent":0,"menu_order":0,"comment_status":"closed","ping_status":"closed","template":"","meta":{"_et_pb_use_builder":"on","_et_pb_old_content":"","_et_gb_content_width":"","inline_featured_image":false,"footnotes":""},"class_list":["post-121440","page","type-page","status-publish","hentry"],"publishpress_future_action":{"enabled":false,"date":"2026-05-03 09:47:04","action":"change-status","newStatus":"draft","terms":[],"taxonomy":"translation_priority","extraData":[]},"publishpress_future_workflow_manual_trigger":{"enabledWorkflows":[]},"_links":{"self":[{"href":"https:\/\/bcu.cat\/en\/wp-json\/wp\/v2\/pages\/121440","targetHints":{"allow":["GET"]}}],"collection":[{"href":"https:\/\/bcu.cat\/en\/wp-json\/wp\/v2\/pages"}],"about":[{"href":"https:\/\/bcu.cat\/en\/wp-json\/wp\/v2\/types\/page"}],"author":[{"embeddable":true,"href":"https:\/\/bcu.cat\/en\/wp-json\/wp\/v2\/users\/3"}],"replies":[{"embeddable":true,"href":"https:\/\/bcu.cat\/en\/wp-json\/wp\/v2\/comments?post=121440"}],"version-history":[{"count":6,"href":"https:\/\/bcu.cat\/en\/wp-json\/wp\/v2\/pages\/121440\/revisions"}],"predecessor-version":[{"id":140566,"href":"https:\/\/bcu.cat\/en\/wp-json\/wp\/v2\/pages\/121440\/revisions\/140566"}],"wp:attachment":[{"href":"https:\/\/bcu.cat\/en\/wp-json\/wp\/v2\/media?parent=121440"}],"curies":[{"name":"wp","href":"https:\/\/api.w.org\/{rel}","templated":true}]}}